{"id":644,"date":"2016-08-02T13:46:29","date_gmt":"2016-08-02T11:46:29","guid":{"rendered":"http:\/\/camdulac.novae-developpement.com\/es\/?page_id=644"},"modified":"2025-02-25T10:02:50","modified_gmt":"2025-02-25T09:02:50","slug":"bungalows","status":"publish","type":"page","link":"https:\/\/www.camping-du-lac-pyrenees.com\/es\/bungalows\/","title":{"rendered":"Bungalows"},"content":{"rendered":"<div class=\"wpb-content-wrapper\"><p>[vc_row][vc_column el_class=\u00bbbox_camdulac\u00bb][vc_column_text]<\/p>\n<h1>Bungalows<\/h1>\n<p>[\/vc_column_text][vc_empty_space height=\u00bb20px\u00bb][vc_row_inner][vc_column_inner width=\u00bb1\/3&#8243;][vc_column_text]Alquiler de <strong>chal\u00e9s t\u00edpicos de monta\u00f1a <\/strong>c\u00f3modos y c\u00e1lidos (la suavidad de la madera para un ambiente de monta\u00f1a) cerca de Argel\u00e8s-Gazsot, en el coraz\u00f3n de <strong>los Altos Pirineos <\/strong>en verano o invierno.<\/p>\n<p>&nbsp;<\/p>\n<p>Para los enamorados de la calma y de la naturaleza que disfrutan del espacio y que quieren sacar provecho de un marco magn\u00edfico en un cobijo caluroso.<\/p>\n<p>&nbsp;<\/p>\n<p>Chal\u00e9s confortables y calurosos, la dulzura de la madera para un \u00bb ambiente de monta\u00f1a \u00bb en un marco apacible dentro del coraz\u00f3n de los <strong>Pirineos<\/strong>.<\/p>\n<p>&nbsp;<\/p>\n<p>El aire puro, la diversidad de los paisajes en los alrededores de los <strong>chal\u00e9s<\/strong>, <strong>una vista magn\u00edfica sobre el lago o las monta\u00f1as<\/strong> o con vistas a un peque\u00f1o pueblo.[\/vc_column_text][\/vc_column_inner][vc_column_inner width=\u00bb2\/3&#8243;]<div class=\"wf-container dt-gallery-container dt-photos-shortcode loading-effect-none description-on-hover iso-grid jg-container hover-style-two hover-fade\" data-padding=\"0px\" data-cur-page=\"1\" data-target-height=\"0px\"><div class=\"wf-cell\" data-date=\"2020-09-02T11:34:34+02:00\" data-name=\"Capture2021\" data-post-id=\"4215\">\n<article class=\"post post-4215 attachment type-attachment status-inherit hentry description-off\">\n\n\t\n<div class=\"rollover-project links-hovers-disabled\">\n\n\t<a href=\"https:\/\/www.camping-du-lac-pyrenees.com\/wp-content\/uploads\/Capture2021.jpg\" class=\"dt-mfp-item mfp-image rollover rollover-zoom\" title=\"Capture2021\" data-dt-img-description=\"\" ><img class=\"preload-me\" srcset=\"https:\/\/www.camping-du-lac-pyrenees.com\/wp-content\/uploads\/Capture2021.jpg 1x, https:\/\/www.camping-du-lac-pyrenees.com\/wp-content\/uploads\/Capture2021.jpg 2x\" alt=\"\" width=\"1145\" height=\"596\"  \/><\/a>\n\t\n<\/div>\n<\/article>\n\n<\/div><div class=\"wf-cell\" data-date=\"2021-07-14T20:02:45+02:00\" data-name=\"Piscine haut\" data-post-id=\"5136\">\n<article class=\"post post-5136 attachment type-attachment status-inherit hentry description-off\">\n\n\t\n<div class=\"rollover-project links-hovers-disabled\">\n\n\t<a href=\"https:\/\/www.camping-du-lac-pyrenees.com\/wp-content\/uploads\/capture.jpg\" class=\"dt-mfp-item mfp-image rollover rollover-zoom\" title=\"Piscine haut\" data-dt-img-description=\"\" ><img class=\"preload-me\" srcset=\"https:\/\/www.camping-du-lac-pyrenees.com\/wp-content\/uploads\/capture.jpg 1x, https:\/\/www.camping-du-lac-pyrenees.com\/wp-content\/uploads\/capture.jpg 2x\" alt=\"piscine camping Argel\u00e8s-Gazost\" width=\"1110\" height=\"576\"  \/><\/a>\n\t\n<\/div>\n<\/article>\n\n<\/div><div class=\"wf-cell\" data-date=\"2016-07-25T13:48:00+02:00\" data-name=\"Chalet vue sur le lac Argel\u00e8s-Gazost\" data-post-id=\"2572\">\n<article class=\"post post-2572 attachment type-attachment status-inherit hentry description-off\">\n\n\t\n<div class=\"rollover-project links-hovers-disabled\">\n\n\t<a href=\"https:\/\/www.camping-du-lac-pyrenees.com\/wp-content\/uploads\/chalet-vue-lac.jpg\" class=\"dt-mfp-item mfp-image rollover rollover-zoom\" title=\"Chalet vue sur le lac Argel\u00e8s-Gazost\" data-dt-img-description=\"\" ><img class=\"preload-me\" srcset=\"https:\/\/www.camping-du-lac-pyrenees.com\/wp-content\/uploads\/chalet-vue-lac.jpg 1x, https:\/\/www.camping-du-lac-pyrenees.com\/wp-content\/uploads\/chalet-vue-lac.jpg 2x\" alt=\"\" width=\"2000\" height=\"1500\"  \/><\/a>\n\t\n<\/div>\n<\/article>\n\n<\/div><div class=\"wf-cell\" data-date=\"2020-11-04T13:47:08+01:00\" data-name=\"Vue lac\" data-post-id=\"4374\">\n<article class=\"post post-4374 attachment type-attachment status-inherit hentry description-off\">\n\n\t\n<div class=\"rollover-project links-hovers-disabled\">\n\n\t<a href=\"https:\/\/www.camping-du-lac-pyrenees.com\/wp-content\/uploads\/cadrelac21.jpg\" class=\"dt-mfp-item mfp-image rollover rollover-zoom\" title=\"Vue lac\" data-dt-img-description=\"\" ><img class=\"preload-me\" srcset=\"https:\/\/www.camping-du-lac-pyrenees.com\/wp-content\/uploads\/cadrelac21.jpg 1x, https:\/\/www.camping-du-lac-pyrenees.com\/wp-content\/uploads\/cadrelac21.jpg 2x\" alt=\"\" width=\"1194\" height=\"846\"  \/><\/a>\n\t\n<\/div>\n<\/article>\n\n<\/div><div class=\"wf-cell\" data-date=\"2020-09-02T14:23:33+02:00\" data-name=\"chalet15\" data-post-id=\"4233\">\n<article class=\"post post-4233 attachment type-attachment status-inherit hentry description-off\">\n\n\t\n<div class=\"rollover-project links-hovers-disabled\">\n\n\t<a href=\"https:\/\/www.camping-du-lac-pyrenees.com\/wp-content\/uploads\/chalet15.jpg\" class=\"dt-mfp-item mfp-image rollover rollover-zoom\" title=\"chalet15\" data-dt-img-description=\"\" ><img class=\"preload-me\" srcset=\"https:\/\/www.camping-du-lac-pyrenees.com\/wp-content\/uploads\/chalet15.jpg 1x, https:\/\/www.camping-du-lac-pyrenees.com\/wp-content\/uploads\/chalet15.jpg 2x\" alt=\"\" width=\"1245\" height=\"700\"  \/><\/a>\n\t\n<\/div>\n<\/article>\n\n<\/div><div class=\"wf-cell\" data-date=\"2021-02-04T09:52:50+01:00\" data-name=\"clement1\" data-post-id=\"4728\">\n<article class=\"post post-4728 attachment type-attachment status-inherit hentry description-off\">\n\n\t\n<div class=\"rollover-project links-hovers-disabled\">\n\n\t<a href=\"https:\/\/www.camping-du-lac-pyrenees.com\/wp-content\/uploads\/clement1.jpg\" class=\"dt-mfp-item mfp-image rollover rollover-zoom\" title=\"clement1\" data-dt-img-description=\"\" ><img class=\"preload-me\" srcset=\"https:\/\/www.camping-du-lac-pyrenees.com\/wp-content\/uploads\/clement1.jpg 1x, https:\/\/www.camping-du-lac-pyrenees.com\/wp-content\/uploads\/clement1.jpg 2x\" alt=\"\" width=\"956\" height=\"959\"  \/><\/a>\n\t\n<\/div>\n<\/article>\n\n<\/div><div class=\"wf-cell\" data-date=\"2020-12-11T10:58:17+01:00\" data-name=\"Plan camping du lac\" data-post-id=\"4642\">\n<article class=\"post post-4642 attachment type-attachment status-inherit hentry description-off\">\n\n\t\n<div class=\"rollover-project links-hovers-disabled\">\n\n\t<a href=\"https:\/\/www.camping-du-lac-pyrenees.com\/wp-content\/uploads\/Capture.jpg\" class=\"dt-mfp-item mfp-image rollover rollover-zoom\" title=\"Plan camping du lac\" data-dt-img-description=\"\" ><img class=\"preload-me\" srcset=\"https:\/\/www.camping-du-lac-pyrenees.com\/wp-content\/uploads\/Capture.jpg 1x, https:\/\/www.camping-du-lac-pyrenees.com\/wp-content\/uploads\/Capture.jpg 2x\" alt=\"\" width=\"1411\" height=\"804\"  \/><\/a>\n\t\n<\/div>\n<\/article>\n\n<\/div><div class=\"wf-cell\" data-date=\"2021-06-17T14:50:12+02:00\" data-name=\"plan2021CPMR1\" data-post-id=\"5050\">\n<article class=\"post post-5050 attachment type-attachment status-inherit hentry description-off\">\n\n\t\n<div class=\"rollover-project links-hovers-disabled\">\n\n\t<a href=\"https:\/\/www.camping-du-lac-pyrenees.com\/wp-content\/uploads\/plan2021CPMR1.jpg\" class=\"dt-mfp-item mfp-image rollover rollover-zoom\" title=\"plan2021CPMR1\" data-dt-img-description=\"\" ><img class=\"preload-me\" srcset=\"https:\/\/www.camping-du-lac-pyrenees.com\/wp-content\/uploads\/plan2021CPMR1.jpg 1x, https:\/\/www.camping-du-lac-pyrenees.com\/wp-content\/uploads\/plan2021CPMR1.jpg 2x\" alt=\"\" width=\"949\" height=\"679\"  \/><\/a>\n\t\n<\/div>\n<\/article>\n\n<\/div><\/div>[\/vc_column_inner][\/vc_row_inner][vc_empty_space height=\u00bb20px\u00bb]<div class=\"hr-thin style-line\" style=\"width: 100%;\"><\/div>[vc_empty_space height=\u00bb20px\u00bb][vc_row_inner][vc_column_inner width=\u00bb2\/3&#8243;][vc_column_text]De junio a septiembre:\u00a0 AQU\u00cd MISMO tenemos panader\u00eda, bar, restaurante, platos cocinados o men\u00fas tradicionales que se le proponen cada d\u00eda en nuestro restaurante, donde usted sacar\u00e1 provecho de una terraza con una vista magn\u00edfica que domina el valle. Dulzuras de ma\u00f1ana con desayunos servidos en su chal\u00e9. Tambi\u00e9n podr\u00e1 participar en catas de vino t\u00edpicas de los Pirineos o hacer un breve recorrido por Espa\u00f1a con degustaci\u00f3n de Tapas.<\/p>\n<p>Disponemos de DOS PISCINAS CALIENTES a 23 \u00b0 \u00abm\u00ednimo\u00bb (del 15 de junio al 10 de septiembre):<\/p>\n<ul>\n<li>Una piscina: longitud 14m, profundidad 1m60.<\/li>\n<li>Una segunda piscina grande de 18 m para los m\u00e1s peque\u00f1os con banco de masaje para los padres, entre 0,40 cm y 1 m de profundidad. \u00a1Un momento de relajaci\u00f3n para toda la familia!<\/li>\n<\/ul>\n<p>[\/vc_column_text][\/vc_column_inner][vc_column_inner width=\u00bb1\/3&#8243;]<div class=\"wf-container dt-gallery-container dt-photos-shortcode loading-effect-none description-on-hover iso-grid jg-container hover-style-two hover-fade\" data-padding=\"0px\" data-cur-page=\"1\" data-target-height=\"0px\"><div class=\"wf-cell\" data-date=\"2017-06-17T15:28:29+02:00\" data-name=\"piscine2017\" data-post-id=\"2911\">\n<article class=\"post post-2911 attachment type-attachment status-inherit hentry description-off\">\n\n\t\n<div class=\"rollover-project links-hovers-disabled\">\n\n\t<a href=\"https:\/\/www.camping-du-lac-pyrenees.com\/wp-content\/uploads\/piscine2017.jpg\" class=\"dt-mfp-item mfp-image rollover rollover-zoom\" title=\"piscine2017\" data-dt-img-description=\"\" ><img class=\"preload-me\" srcset=\"https:\/\/www.camping-du-lac-pyrenees.com\/wp-content\/uploads\/piscine2017.jpg 1x, https:\/\/www.camping-du-lac-pyrenees.com\/wp-content\/uploads\/piscine2017.jpg 2x\" alt=\"\" width=\"1758\" height=\"1080\"  \/><\/a>\n\t\n<\/div>\n<\/article>\n\n<\/div><div class=\"wf-cell\" data-date=\"2018-03-29T15:08:41+02:00\" data-name=\"SAMSUNG\" data-post-id=\"2989\">\n<article class=\"post post-2989 attachment type-attachment status-inherit hentry description-off\">\n\n\t\n<div class=\"rollover-project links-hovers-disabled\">\n\n\t<a href=\"https:\/\/www.camping-du-lac-pyrenees.com\/wp-content\/uploads\/R11.jpg\" class=\"dt-mfp-item mfp-image rollover rollover-zoom\" title=\"SAMSUNG\" data-dt-img-description=\"\" ><img class=\"preload-me\" srcset=\"https:\/\/www.camping-du-lac-pyrenees.com\/wp-content\/uploads\/R11.jpg 1x, https:\/\/www.camping-du-lac-pyrenees.com\/wp-content\/uploads\/R11.jpg 2x\" alt=\"\" width=\"2560\" height=\"1920\"  \/><\/a>\n\t\n<\/div>\n<\/article>\n\n<\/div><div class=\"wf-cell\" data-date=\"2016-07-28T17:04:59+02:00\" data-name=\"Chalet Camping du Lac Argel\u00e8s-Gazost\" data-post-id=\"2704\">\n<article class=\"post post-2704 attachment type-attachment status-inherit hentry description-off\">\n\n\t\n<div class=\"rollover-project links-hovers-disabled\">\n\n\t<a href=\"https:\/\/www.camping-du-lac-pyrenees.com\/wp-content\/uploads\/photo_chalets4.jpg\" class=\"dt-mfp-item mfp-image rollover rollover-zoom\" title=\"Chalet Camping du Lac Argel\u00e8s-Gazost\" data-dt-img-description=\"\" ><img class=\"preload-me\" srcset=\"https:\/\/www.camping-du-lac-pyrenees.com\/wp-content\/uploads\/photo_chalets4.jpg 1x, https:\/\/www.camping-du-lac-pyrenees.com\/wp-content\/uploads\/photo_chalets4.jpg 2x\" alt=\"\" width=\"2000\" height=\"1499\"  \/><\/a>\n\t\n<\/div>\n<\/article>\n\n<\/div><div class=\"wf-cell\" data-date=\"2017-06-14T11:27:14+02:00\" data-name=\"restaurant\" data-post-id=\"2905\">\n<article class=\"post post-2905 attachment type-attachment status-inherit hentry description-off\">\n\n\t\n<div class=\"rollover-project links-hovers-disabled\">\n\n\t<a href=\"https:\/\/www.camping-du-lac-pyrenees.com\/wp-content\/uploads\/restaurant.jpg\" class=\"dt-mfp-item mfp-image rollover rollover-zoom\" title=\"restaurant\" data-dt-img-description=\"\" ><img class=\"preload-me\" srcset=\"https:\/\/www.camping-du-lac-pyrenees.com\/wp-content\/uploads\/restaurant.jpg 1x, https:\/\/www.camping-du-lac-pyrenees.com\/wp-content\/uploads\/restaurant.jpg 2x\" alt=\"\" width=\"4032\" height=\"3024\"  \/><\/a>\n\t\n<\/div>\n<\/article>\n\n<\/div><div class=\"wf-cell\" data-date=\"2018-06-25T14:45:11+02:00\" data-name=\"cocktail matthieu\" data-post-id=\"3052\">\n<article class=\"post post-3052 attachment type-attachment status-inherit hentry description-off\">\n\n\t\n<div class=\"rollover-project links-hovers-disabled\">\n\n\t<a href=\"https:\/\/www.camping-du-lac-pyrenees.com\/wp-content\/uploads\/cocktail-matthieu.jpg\" class=\"dt-mfp-item mfp-image rollover rollover-zoom\" title=\"cocktail matthieu\" data-dt-img-description=\"\" ><img class=\"preload-me\" srcset=\"https:\/\/www.camping-du-lac-pyrenees.com\/wp-content\/uploads\/cocktail-matthieu.jpg 1x, https:\/\/www.camping-du-lac-pyrenees.com\/wp-content\/uploads\/cocktail-matthieu.jpg 2x\" alt=\"\" width=\"690\" height=\"460\"  \/><\/a>\n\t\n<\/div>\n<\/article>\n\n<\/div><div class=\"wf-cell\" data-date=\"2018-06-25T14:40:21+02:00\" data-name=\"2\" data-post-id=\"3046\">\n<article class=\"post post-3046 attachment type-attachment status-inherit hentry description-off\">\n\n\t\n<div class=\"rollover-project links-hovers-disabled\">\n\n\t<a href=\"https:\/\/www.camping-du-lac-pyrenees.com\/wp-content\/uploads\/2-2.jpg\" class=\"dt-mfp-item mfp-image rollover rollover-zoom\" title=\"2\" data-dt-img-description=\"\" ><img class=\"preload-me\" srcset=\"https:\/\/www.camping-du-lac-pyrenees.com\/wp-content\/uploads\/2-2.jpg 1x, https:\/\/www.camping-du-lac-pyrenees.com\/wp-content\/uploads\/2-2.jpg 2x\" alt=\"\" width=\"480\" height=\"640\"  \/><\/a>\n\t\n<\/div>\n<\/article>\n\n<\/div><div class=\"wf-cell\" data-date=\"2019-01-29T10:14:08+01:00\" data-name=\"MINE BAR\" data-post-id=\"3130\">\n<article class=\"post post-3130 attachment type-attachment status-inherit hentry description-off\">\n\n\t\n<div class=\"rollover-project links-hovers-disabled\">\n\n\t<a href=\"https:\/\/www.camping-du-lac-pyrenees.com\/wp-content\/uploads\/MINE-BAR.jpg\" class=\"dt-mfp-item mfp-image rollover rollover-zoom\" title=\"MINE BAR\" data-dt-img-description=\"\" ><img class=\"preload-me\" srcset=\"https:\/\/www.camping-du-lac-pyrenees.com\/wp-content\/uploads\/MINE-BAR.jpg 1x, https:\/\/www.camping-du-lac-pyrenees.com\/wp-content\/uploads\/MINE-BAR.jpg 2x\" alt=\"\" width=\"2521\" height=\"3650\"  \/><\/a>\n\t\n<\/div>\n<\/article>\n\n<\/div><div class=\"wf-cell\" data-date=\"2018-06-25T14:39:38+02:00\" data-name=\"1\" data-post-id=\"3043\">\n<article class=\"post post-3043 attachment type-attachment status-inherit hentry description-off\">\n\n\t\n<div class=\"rollover-project links-hovers-disabled\">\n\n\t<a href=\"https:\/\/www.camping-du-lac-pyrenees.com\/wp-content\/uploads\/1.jpg\" class=\"dt-mfp-item mfp-image rollover rollover-zoom\" title=\"1\" data-dt-img-description=\"\" ><img class=\"preload-me\" srcset=\"https:\/\/www.camping-du-lac-pyrenees.com\/wp-content\/uploads\/1.jpg 1x, https:\/\/www.camping-du-lac-pyrenees.com\/wp-content\/uploads\/1.jpg 2x\" alt=\"\" width=\"720\" height=\"960\"  \/><\/a>\n\t\n<\/div>\n<\/article>\n\n<\/div><\/div>[\/vc_column_inner][\/vc_row_inner][vc_empty_space height=\u00bb20px\u00bb]<div class=\"hr-thin style-line\" style=\"width: 100%;\"><\/div>[vc_empty_space height=\u00bb20px\u00bb][vc_row_inner][vc_column_inner][vc_column_text]<strong>\u00a1Olvide cualquier idea de promiscuidad! <\/strong><\/p>\n<p>&nbsp;<\/p>\n<p>Nuestros 17 chal\u00e9s son todos independientes con espacio alrededor, un rinc\u00f3n para reunirse en pareja o con la familia. Sin vecinos muy cercanos, todos ellos tienen magn\u00edficas vistas de a un entorno excepcional. Han sido dise\u00f1ados como peque\u00f1as casas reales y se instalan en grandes jardines cuya superficie var\u00eda entre 250 y 400 m\u00b2.<\/p>\n<p>\u00a1Disfrute ante todo de<strong> tranquilidad!<\/strong><\/p>\n<p>Para el bienestar de todos pedimos obligatoriamente el silencio entre las 23 horas y las 7 horas sobre todo el terreno de camping. Un lugar apacible y tranquilo donde le aseguramos noches serenas en plena naturaleza.<\/p>\n<p><img loading=\"lazy\" decoding=\"async\" class=\"wp-image-2379 aligncenter\" src=\"https:\/\/www.camping-du-lac-pyrenees.com\/wp-content\/uploads\/papiers-peints-chut-emoticone.jpg-264x300.jpg\" alt=\"\" width=\"75\" height=\"85\" \/>[\/vc_column_text][vc_empty_space height=\u00bb50px\u00bb][vc_column_text]<\/p>\n<p style=\"text-align: center;\"><strong>CHAL\u00c9\u00a0 \u00bb Confort\u00bb\u00a0 DE 35 M \u00b2\u00a0 : hasta 4 pers <\/strong><\/p>\n<p style=\"text-align: center;\"><strong>vista al lago<\/strong><\/p>\n<p>[\/vc_column_text][vc_empty_space height=\u00bb20px\u00bb][\/vc_column_inner][\/vc_row_inner][vc_row_inner][vc_column_inner el_class=\u00bbemp-gal\u00bb]<div class=\"wf-container dt-gallery-container dt-photos-shortcode loading-effect-none description-on-hover iso-grid jg-container hover-style-two hover-fade\" data-padding=\"0px\" data-cur-page=\"1\" data-target-height=\"0px\"><div class=\"wf-cell\" data-date=\"2016-07-28T17:17:26+02:00\" data-name=\"Ext\u00e9rieur Chalet Camping du Lac Argel\u00e8s-Gazsot\" data-post-id=\"2719\">\n<article class=\"post post-2719 attachment type-attachment status-inherit hentry description-off\">\n\n\t\n<div class=\"rollover-project links-hovers-disabled\">\n\n\t<a href=\"https:\/\/www.camping-du-lac-pyrenees.com\/wp-content\/uploads\/c390b737a4.jpg\" class=\"dt-mfp-item mfp-image rollover rollover-zoom\" title=\"Ext\u00e9rieur Chalet Camping du Lac Argel\u00e8s-Gazsot\" data-dt-img-description=\"\" ><img class=\"preload-me\" srcset=\"https:\/\/www.camping-du-lac-pyrenees.com\/wp-content\/uploads\/c390b737a4.jpg 1x, https:\/\/www.camping-du-lac-pyrenees.com\/wp-content\/uploads\/c390b737a4.jpg 2x\" alt=\"\" width=\"800\" height=\"600\"  \/><\/a>\n\t\n<\/div>\n<\/article>\n\n<\/div><div class=\"wf-cell\" data-date=\"2017-02-04T16:17:39+01:00\" data-name=\"57ffc0c8db\" data-post-id=\"2884\">\n<article class=\"post post-2884 attachment type-attachment status-inherit hentry description-off\">\n\n\t\n<div class=\"rollover-project links-hovers-disabled\">\n\n\t<a href=\"https:\/\/www.camping-du-lac-pyrenees.com\/wp-content\/uploads\/57ffc0c8db.jpg\" class=\"dt-mfp-item mfp-image rollover rollover-zoom\" title=\"57ffc0c8db\" data-dt-img-description=\"\" ><img class=\"preload-me\" srcset=\"https:\/\/www.camping-du-lac-pyrenees.com\/wp-content\/uploads\/57ffc0c8db.jpg 1x, https:\/\/www.camping-du-lac-pyrenees.com\/wp-content\/uploads\/57ffc0c8db.jpg 2x\" alt=\"\" width=\"800\" height=\"422\"  \/><\/a>\n\t\n<\/div>\n<\/article>\n\n<\/div><div class=\"wf-cell\" data-date=\"2016-07-28T17:16:25+02:00\" data-name=\"Coin repas Chalet Camping du Lac\" data-post-id=\"2713\">\n<article class=\"post post-2713 attachment type-attachment status-inherit hentry description-off\">\n\n\t\n<div class=\"rollover-project links-hovers-disabled\">\n\n\t<a href=\"https:\/\/www.camping-du-lac-pyrenees.com\/wp-content\/uploads\/33596bca83.jpg\" class=\"dt-mfp-item mfp-image rollover rollover-zoom\" title=\"Coin repas Chalet Camping du Lac\" data-dt-img-description=\"\" ><img class=\"preload-me\" srcset=\"https:\/\/www.camping-du-lac-pyrenees.com\/wp-content\/uploads\/33596bca83.jpg 1x, https:\/\/www.camping-du-lac-pyrenees.com\/wp-content\/uploads\/33596bca83.jpg 2x\" alt=\"\" width=\"800\" height=\"600\"  \/><\/a>\n\t\n<\/div>\n<\/article>\n\n<\/div><div class=\"wf-cell\" data-date=\"2016-07-28T17:15:20+02:00\" data-name=\"Int\u00e9rieur Chalet Camping du Lac\" data-post-id=\"2707\">\n<article class=\"post post-2707 attachment type-attachment status-inherit hentry description-off\">\n\n\t\n<div class=\"rollover-project links-hovers-disabled\">\n\n\t<a href=\"https:\/\/www.camping-du-lac-pyrenees.com\/wp-content\/uploads\/77b436b7cb.jpg\" class=\"dt-mfp-item mfp-image rollover rollover-zoom\" title=\"Int\u00e9rieur Chalet Camping du Lac\" data-dt-img-description=\"\" ><img class=\"preload-me\" srcset=\"https:\/\/www.camping-du-lac-pyrenees.com\/wp-content\/uploads\/77b436b7cb.jpg 1x, https:\/\/www.camping-du-lac-pyrenees.com\/wp-content\/uploads\/77b436b7cb.jpg 2x\" alt=\"\" width=\"777\" height=\"600\"  \/><\/a>\n\t\n<\/div>\n<\/article>\n\n<\/div><div class=\"wf-cell\" data-date=\"2016-07-28T17:17:40+02:00\" data-name=\"Chambre Chalet Camping du Lac\" data-post-id=\"2722\">\n<article class=\"post post-2722 attachment type-attachment status-inherit hentry description-off\">\n\n\t\n<div class=\"rollover-project links-hovers-disabled\">\n\n\t<a href=\"https:\/\/www.camping-du-lac-pyrenees.com\/wp-content\/uploads\/5fd3de6598.jpg\" class=\"dt-mfp-item mfp-image rollover rollover-zoom\" title=\"Chambre Chalet Camping du Lac\" data-dt-img-description=\"\" ><img class=\"preload-me\" srcset=\"https:\/\/www.camping-du-lac-pyrenees.com\/wp-content\/uploads\/5fd3de6598.jpg 1x, https:\/\/www.camping-du-lac-pyrenees.com\/wp-content\/uploads\/5fd3de6598.jpg 2x\" alt=\"\" width=\"800\" height=\"600\"  \/><\/a>\n\t\n<\/div>\n<\/article>\n\n<\/div><div class=\"wf-cell\" data-date=\"2017-02-04T16:20:59+01:00\" data-name=\"chalet2roses\" data-post-id=\"2890\">\n<article class=\"post post-2890 attachment type-attachment status-inherit hentry description-off\">\n\n\t\n<div class=\"rollover-project links-hovers-disabled\">\n\n\t<a href=\"https:\/\/www.camping-du-lac-pyrenees.com\/wp-content\/uploads\/chalet2roses.jpg\" class=\"dt-mfp-item mfp-image rollover rollover-zoom\" title=\"chalet2roses\" data-dt-img-description=\"\" ><img class=\"preload-me\" srcset=\"https:\/\/www.camping-du-lac-pyrenees.com\/wp-content\/uploads\/chalet2roses.jpg 1x, https:\/\/www.camping-du-lac-pyrenees.com\/wp-content\/uploads\/chalet2roses.jpg 2x\" alt=\"\" width=\"1536\" height=\"2048\"  \/><\/a>\n\t\n<\/div>\n<\/article>\n\n<\/div><div class=\"wf-cell\" data-date=\"2020-11-04T13:47:58+01:00\" data-name=\"vue montagne\" data-post-id=\"4382\">\n<article class=\"post post-4382 attachment type-attachment status-inherit hentry description-off\">\n\n\t\n<div class=\"rollover-project links-hovers-disabled\">\n\n\t<a href=\"https:\/\/www.camping-du-lac-pyrenees.com\/wp-content\/uploads\/vue-montagne.jpg\" class=\"dt-mfp-item mfp-image rollover rollover-zoom\" title=\"vue montagne\" data-dt-img-description=\"\" ><img class=\"preload-me\" srcset=\"https:\/\/www.camping-du-lac-pyrenees.com\/wp-content\/uploads\/vue-montagne.jpg 1x, https:\/\/www.camping-du-lac-pyrenees.com\/wp-content\/uploads\/vue-montagne.jpg 2x\" alt=\"\" width=\"669\" height=\"381\"  \/><\/a>\n\t\n<\/div>\n<\/article>\n\n<\/div><div class=\"wf-cell\" data-date=\"2020-12-02T11:12:34+01:00\" data-name=\"planconfort\" data-post-id=\"4489\">\n<article class=\"post post-4489 attachment type-attachment status-inherit hentry description-off\">\n\n\t\n<div class=\"rollover-project links-hovers-disabled\">\n\n\t<a href=\"https:\/\/www.camping-du-lac-pyrenees.com\/wp-content\/uploads\/planconfort.jpg\" class=\"dt-mfp-item mfp-image rollover rollover-zoom\" title=\"planconfort\" data-dt-img-description=\"\" ><img class=\"preload-me\" srcset=\"https:\/\/www.camping-du-lac-pyrenees.com\/wp-content\/uploads\/planconfort.jpg 1x, https:\/\/www.camping-du-lac-pyrenees.com\/wp-content\/uploads\/planconfort.jpg 2x\" alt=\"\" width=\"257\" height=\"342\"  \/><\/a>\n\t\n<\/div>\n<\/article>\n\n<\/div><\/div>[\/vc_column_inner][\/vc_row_inner][vc_empty_space height=\u00bb50px\u00bb][vc_column_text]<\/p>\n<p style=\"text-align: center;\"><strong>CHAL\u00c9\u00bbGrand Confort\u00bb\u00a0 42 M\u00b2 hasta 5 pers<\/strong><\/p>\n<p style=\"text-align: center;\">Con estos modelos de chal\u00e9 disfrute de vistas al lago o en la monta\u00f1a dominando totalmente un valle.<\/p>\n<p>[\/vc_column_text][vc_empty_space height=\u00bb20px\u00bb][vc_row_inner][vc_column_inner el_class=\u00bbemp-gal\u00bb]<div class=\"wf-container dt-gallery-container dt-photos-shortcode loading-effect-none description-on-hover iso-grid jg-container hover-style-two hover-fade\" data-padding=\"0px\" data-cur-page=\"1\" data-target-height=\"0px\"><div class=\"wf-cell\" data-date=\"2016-07-28T17:22:47+02:00\" data-name=\"Chalet Camping du Lac Hautes-Pyr\u00e9n\u00e9es\" data-post-id=\"2728\">\n<article class=\"post post-2728 attachment type-attachment status-inherit hentry description-off\">\n\n\t\n<div class=\"rollover-project links-hovers-disabled\">\n\n\t<a href=\"https:\/\/www.camping-du-lac-pyrenees.com\/wp-content\/uploads\/photo_chalets9.jpg\" class=\"dt-mfp-item mfp-image rollover rollover-zoom\" title=\"Chalet Camping du Lac Hautes-Pyr\u00e9n\u00e9es\" data-dt-img-description=\"\" ><img class=\"preload-me\" srcset=\"https:\/\/www.camping-du-lac-pyrenees.com\/wp-content\/uploads\/photo_chalets9.jpg 1x, https:\/\/www.camping-du-lac-pyrenees.com\/wp-content\/uploads\/photo_chalets9.jpg 2x\" alt=\"\" width=\"283\" height=\"212\"  \/><\/a>\n\t\n<\/div>\n<\/article>\n\n<\/div><div class=\"wf-cell\" data-date=\"2020-09-03T10:09:26+02:00\" data-name=\"balconmontagne2\" data-post-id=\"4276\">\n<article class=\"post post-4276 attachment type-attachment status-inherit hentry description-off\">\n\n\t\n<div class=\"rollover-project links-hovers-disabled\">\n\n\t<a href=\"https:\/\/www.camping-du-lac-pyrenees.com\/wp-content\/uploads\/balconmontagne2.jpg\" class=\"dt-mfp-item mfp-image rollover rollover-zoom\" title=\"balconmontagne2\" data-dt-img-description=\"\" ><img class=\"preload-me\" srcset=\"https:\/\/www.camping-du-lac-pyrenees.com\/wp-content\/uploads\/balconmontagne2.jpg 1x, https:\/\/www.camping-du-lac-pyrenees.com\/wp-content\/uploads\/balconmontagne2.jpg 2x\" alt=\"\" width=\"1261\" height=\"710\"  \/><\/a>\n\t\n<\/div>\n<\/article>\n\n<\/div><div class=\"wf-cell\" data-date=\"2016-07-28T17:23:47+02:00\" data-name=\"Int\u00e9rieur Chalet Camping du Lac\" data-post-id=\"2731\">\n<article class=\"post post-2731 attachment type-attachment status-inherit hentry description-off\">\n\n\t\n<div class=\"rollover-project links-hovers-disabled\">\n\n\t<a href=\"https:\/\/www.camping-du-lac-pyrenees.com\/wp-content\/uploads\/be16efd767.jpg\" class=\"dt-mfp-item mfp-image rollover rollover-zoom\" title=\"Int\u00e9rieur Chalet Camping du Lac\" data-dt-img-description=\"\" ><img class=\"preload-me\" srcset=\"https:\/\/www.camping-du-lac-pyrenees.com\/wp-content\/uploads\/be16efd767.jpg 1x, https:\/\/www.camping-du-lac-pyrenees.com\/wp-content\/uploads\/be16efd767.jpg 2x\" alt=\"\" width=\"800\" height=\"600\"  \/><\/a>\n\t\n<\/div>\n<\/article>\n\n<\/div><div class=\"wf-cell\" data-date=\"2018-03-29T17:59:14+02:00\" data-name=\"CUISINE GC PANO COMP\" data-post-id=\"3016\">\n<article class=\"post post-3016 attachment type-attachment status-inherit hentry description-off\">\n\n\t\n<div class=\"rollover-project links-hovers-disabled\">\n\n\t<a href=\"https:\/\/www.camping-du-lac-pyrenees.com\/wp-content\/uploads\/CUISINE-GC-PANO-COMP.jpg\" class=\"dt-mfp-item mfp-image rollover rollover-zoom\" title=\"CUISINE GC PANO COMP\" data-dt-img-description=\"\" ><img class=\"preload-me\" srcset=\"https:\/\/www.camping-du-lac-pyrenees.com\/wp-content\/uploads\/CUISINE-GC-PANO-COMP.jpg 1x, https:\/\/www.camping-du-lac-pyrenees.com\/wp-content\/uploads\/CUISINE-GC-PANO-COMP.jpg 2x\" alt=\"\" width=\"2268\" height=\"2196\"  \/><\/a>\n\t\n<\/div>\n<\/article>\n\n<\/div><div class=\"wf-cell\" data-date=\"2018-03-29T17:59:01+02:00\" data-name=\"CHAMBRE2 PANO comp\" data-post-id=\"3013\">\n<article class=\"post post-3013 attachment type-attachment status-inherit hentry description-off\">\n\n\t\n<div class=\"rollover-project links-hovers-disabled\">\n\n\t<a href=\"https:\/\/www.camping-du-lac-pyrenees.com\/wp-content\/uploads\/CHAMBRE2-PANO-comp.jpg\" class=\"dt-mfp-item mfp-image rollover rollover-zoom\" title=\"CHAMBRE2 PANO comp\" data-dt-img-description=\"\" ><img class=\"preload-me\" srcset=\"https:\/\/www.camping-du-lac-pyrenees.com\/wp-content\/uploads\/CHAMBRE2-PANO-comp.jpg 1x, https:\/\/www.camping-du-lac-pyrenees.com\/wp-content\/uploads\/CHAMBRE2-PANO-comp.jpg 2x\" alt=\"\" width=\"3500\" height=\"2135\"  \/><\/a>\n\t\n<\/div>\n<\/article>\n\n<\/div><div class=\"wf-cell\" data-date=\"2016-07-28T17:24:39+02:00\" data-name=\"Chambre chalet Camping du Lac Hautes-Pyr\u00e9n\u00e9es\" data-post-id=\"2740\">\n<article class=\"post post-2740 attachment type-attachment status-inherit hentry description-off\">\n\n\t\n<div class=\"rollover-project links-hovers-disabled\">\n\n\t<a href=\"https:\/\/www.camping-du-lac-pyrenees.com\/wp-content\/uploads\/c6526eb57c.jpg\" class=\"dt-mfp-item mfp-image rollover rollover-zoom\" title=\"Chambre chalet Camping du Lac Hautes-Pyr\u00e9n\u00e9es\" data-dt-img-description=\"\" ><img class=\"preload-me\" srcset=\"https:\/\/www.camping-du-lac-pyrenees.com\/wp-content\/uploads\/c6526eb57c.jpg 1x, https:\/\/www.camping-du-lac-pyrenees.com\/wp-content\/uploads\/c6526eb57c.jpg 2x\" alt=\"\" width=\"338\" height=\"600\"  \/><\/a>\n\t\n<\/div>\n<\/article>\n\n<\/div><div class=\"wf-cell\" data-date=\"2016-07-28T17:24:50+02:00\" data-name=\"Salle d&#039;eau Chalet Camping du Lac Argel\u00e8s-Gazost\" data-post-id=\"2743\">\n<article class=\"post post-2743 attachment type-attachment status-inherit hentry description-off\">\n\n\t\n<div class=\"rollover-project links-hovers-disabled\">\n\n\t<a href=\"https:\/\/www.camping-du-lac-pyrenees.com\/wp-content\/uploads\/4e1fd92da7.jpg\" class=\"dt-mfp-item mfp-image rollover rollover-zoom\" title=\"Salle d&#8217;eau Chalet Camping du Lac Argel\u00e8s-Gazost\" data-dt-img-description=\"\" ><img class=\"preload-me\" srcset=\"https:\/\/www.camping-du-lac-pyrenees.com\/wp-content\/uploads\/4e1fd92da7.jpg 1x, https:\/\/www.camping-du-lac-pyrenees.com\/wp-content\/uploads\/4e1fd92da7.jpg 2x\" alt=\"\" width=\"450\" height=\"600\"  \/><\/a>\n\t\n<\/div>\n<\/article>\n\n<\/div><div class=\"wf-cell\" data-date=\"2020-09-02T14:23:33+02:00\" data-name=\"chalet15\" data-post-id=\"4233\">\n<article class=\"post post-4233 attachment type-attachment status-inherit hentry description-off\">\n\n\t\n<div class=\"rollover-project links-hovers-disabled\">\n\n\t<a href=\"https:\/\/www.camping-du-lac-pyrenees.com\/wp-content\/uploads\/chalet15.jpg\" class=\"dt-mfp-item mfp-image rollover rollover-zoom\" title=\"chalet15\" data-dt-img-description=\"\" ><img class=\"preload-me\" srcset=\"https:\/\/www.camping-du-lac-pyrenees.com\/wp-content\/uploads\/chalet15.jpg 1x, https:\/\/www.camping-du-lac-pyrenees.com\/wp-content\/uploads\/chalet15.jpg 2x\" alt=\"\" width=\"1245\" height=\"700\"  \/><\/a>\n\t\n<\/div>\n<\/article>\n\n<\/div><div class=\"wf-cell\" data-date=\"2020-09-02T14:23:03+02:00\" data-name=\"chalet8\" data-post-id=\"4229\">\n<article class=\"post post-4229 attachment type-attachment status-inherit hentry description-off\">\n\n\t\n<div class=\"rollover-project links-hovers-disabled\">\n\n\t<a href=\"https:\/\/www.camping-du-lac-pyrenees.com\/wp-content\/uploads\/chalet8.jpg\" class=\"dt-mfp-item mfp-image rollover rollover-zoom\" title=\"chalet8\" data-dt-img-description=\"\" ><img class=\"preload-me\" srcset=\"https:\/\/www.camping-du-lac-pyrenees.com\/wp-content\/uploads\/chalet8.jpg 1x, https:\/\/www.camping-du-lac-pyrenees.com\/wp-content\/uploads\/chalet8.jpg 2x\" alt=\"\" width=\"1194\" height=\"672\"  \/><\/a>\n\t\n<\/div>\n<\/article>\n\n<\/div><div class=\"wf-cell\" data-date=\"2020-09-02T14:23:40+02:00\" data-name=\"chalet17\" data-post-id=\"4237\">\n<article class=\"post post-4237 attachment type-attachment status-inherit hentry description-off\">\n\n\t\n<div class=\"rollover-project links-hovers-disabled\">\n\n\t<a href=\"https:\/\/www.camping-du-lac-pyrenees.com\/wp-content\/uploads\/chalet17.jpg\" class=\"dt-mfp-item mfp-image rollover rollover-zoom\" title=\"chalet17\" data-dt-img-description=\"\" ><img class=\"preload-me\" srcset=\"https:\/\/www.camping-du-lac-pyrenees.com\/wp-content\/uploads\/chalet17.jpg 1x, https:\/\/www.camping-du-lac-pyrenees.com\/wp-content\/uploads\/chalet17.jpg 2x\" alt=\"\" width=\"1002\" height=\"751\"  \/><\/a>\n\t\n<\/div>\n<\/article>\n\n<\/div><div class=\"wf-cell\" data-date=\"2016-07-28T17:25:01+02:00\" data-name=\"Plan d&#039;un chalet au camping du Lac Hautes-Pyr\u00e9n\u00e9es\" data-post-id=\"2746\">\n<article class=\"post post-2746 attachment type-attachment status-inherit hentry description-off\">\n\n\t\n<div class=\"rollover-project links-hovers-disabled\">\n\n\t<a href=\"https:\/\/www.camping-du-lac-pyrenees.com\/wp-content\/uploads\/plan_chalet_02.jpg\" class=\"dt-mfp-item mfp-image rollover rollover-zoom\" title=\"Plan d&#8217;un chalet au camping du Lac Hautes-Pyr\u00e9n\u00e9es\" data-dt-img-description=\"\" ><img class=\"preload-me\" srcset=\"https:\/\/www.camping-du-lac-pyrenees.com\/wp-content\/uploads\/plan_chalet_02.jpg 1x, https:\/\/www.camping-du-lac-pyrenees.com\/wp-content\/uploads\/plan_chalet_02.jpg 2x\" alt=\"\" width=\"448\" height=\"597\"  \/><\/a>\n\t\n<\/div>\n<\/article>\n\n<\/div><\/div>[\/vc_column_inner][\/vc_row_inner][vc_empty_space height=\u00bb50px\u00bb][vc_empty_space height=\u00bb20px\u00bb]<div class=\"hr-thin style-line\" style=\"width: 100%;\"><\/div>[vc_empty_space height=\u00bb20px\u00bb][vc_column_text]Nuestros dos modelos de chal\u00e9s est\u00e1n previstos para 5 personas. Disponen:<\/p>\n<ul>\n<li>De sala de estar<\/li>\n<li>Cocina equipada: TV, lavadora, micro-ondas, tostadora \u2026<\/li>\n<li>De dos cuartos separados (el uno con una gran cama para 2 personas, el otro con dos camas superpuestas y la cama individual)<\/li>\n<li>De un cuarto de ba\u00f1o<\/li>\n<li>Ba\u00f1os separados<\/li>\n<li>De una gran terraza techada, con muebles de jard\u00edn para disfrutar desde los primeros rayos de sol.<\/li>\n<\/ul>\n<p>Saque provecho de la calma de un peque\u00f1o pueblo cerca de Argel\u00e8s-Gazost (Hautes-Pyr\u00e9n\u00e9es) Para el bienestar de cada uno de nosotros, pedimos silencio de las 23 h a las 7 de la ma\u00f1ana.<\/p>\n<p><img loading=\"lazy\" decoding=\"async\" class=\"aligncenter\" src=\"https:\/\/images.ecosia.org\/2WV1RhUDSZNglTJEmn8cUmDnoe0=\/0x390\/smart\/http%3A%2F%2Fdidacticaleon.com%2F1663-thickbox_default%2Fcarteles-de-silencio.jpg\" alt=\"CARTELES DE SILENCIO - Didactica Leon\" width=\"95\" height=\"95\" \/>Chssss a las 11h de las noche ![\/vc_column_text][\/vc_column][\/vc_row]<\/p>\n<\/div>","protected":false},"excerpt":{"rendered":"<p>[vc_row][vc_column el_class=\u00bbbox_camdulac\u00bb][vc_column_text] Bungalows [\/vc_column_text][vc_empty_space height=\u00bb20px\u00bb][vc_row_inner][vc_column_inner width=\u00bb1\/3&#8243;][vc_column_text]Alquiler de chal\u00e9s t\u00edpicos de monta\u00f1a c\u00f3modos y c\u00e1lidos (la suavidad de la madera para un ambiente de monta\u00f1a) cerca de Argel\u00e8s-Gazsot, en el coraz\u00f3n de los Altos Pirineos en verano o invierno. &nbsp; Para los enamorados de la calma y de la naturaleza que disfrutan del espacio y que&hellip;<\/p>\n","protected":false},"author":1,"featured_media":0,"parent":0,"menu_order":0,"comment_status":"closed","ping_status":"closed","template":"","meta":{"footnotes":""},"class_list":["post-644","page","type-page","status-publish","hentry","description-off"],"yoast_head":"<!-- This site is optimized with the Yoast SEO plugin v24.5 - https:\/\/yoast.com\/wordpress\/plugins\/seo\/ -->\n<title>Bungalows - Camping du lac Argel\u00e8s-Gazost<\/title>\n<meta name=\"robots\" content=\"index, follow, max-snippet:-1, max-image-preview:large, max-video-preview:-1\" \/>\n<link rel=\"canonical\" href=\"https:\/\/www.camping-du-lac-pyrenees.com\/es\/bungalows\/\" \/>\n<meta property=\"og:locale\" content=\"es_ES\" \/>\n<meta property=\"og:type\" content=\"article\" \/>\n<meta property=\"og:title\" content=\"Bungalows - Camping du lac Argel\u00e8s-Gazost\" \/>\n<meta property=\"og:description\" content=\"[vc_row][vc_column el_class=\u00bbbox_camdulac\u00bb][vc_column_text] Bungalows [\/vc_column_text][vc_empty_space height=\u00bb20px\u00bb][vc_row_inner][vc_column_inner width=\u00bb1\/3&#8243;][vc_column_text]Alquiler de chal\u00e9s t\u00edpicos de monta\u00f1a c\u00f3modos y c\u00e1lidos (la suavidad de la madera para un ambiente de monta\u00f1a) cerca de Argel\u00e8s-Gazsot, en el coraz\u00f3n de los Altos Pirineos en verano o invierno. &nbsp; Para los enamorados de la calma y de la naturaleza que disfrutan del espacio y que&hellip;\" \/>\n<meta property=\"og:url\" content=\"https:\/\/www.camping-du-lac-pyrenees.com\/es\/bungalows\/\" \/>\n<meta property=\"og:site_name\" content=\"Camping du lac Argel\u00e8s-Gazost\" \/>\n<meta property=\"article:modified_time\" content=\"2025-02-25T09:02:50+00:00\" \/>\n<meta name=\"twitter:card\" content=\"summary_large_image\" \/>\n<meta name=\"twitter:label1\" content=\"Tiempo de lectura\" \/>\n\t<meta name=\"twitter:data1\" content=\"4 minutos\" \/>\n<script type=\"application\/ld+json\" class=\"yoast-schema-graph\">{\"@context\":\"https:\/\/schema.org\",\"@graph\":[{\"@type\":\"WebPage\",\"@id\":\"https:\/\/www.camping-du-lac-pyrenees.com\/es\/bungalows\/\",\"url\":\"https:\/\/www.camping-du-lac-pyrenees.com\/es\/bungalows\/\",\"name\":\"Bungalows - Camping du lac Argel\u00e8s-Gazost\",\"isPartOf\":{\"@id\":\"https:\/\/www.camping-du-lac-pyrenees.com\/#website\"},\"primaryImageOfPage\":{\"@id\":\"https:\/\/www.camping-du-lac-pyrenees.com\/es\/bungalows\/#primaryimage\"},\"image\":{\"@id\":\"https:\/\/www.camping-du-lac-pyrenees.com\/es\/bungalows\/#primaryimage\"},\"thumbnailUrl\":\"https:\/\/www.camping-du-lac-pyrenees.com\/wp-content\/uploads\/papiers-peints-chut-emoticone.jpg-264x300.jpg\",\"datePublished\":\"2016-08-02T11:46:29+00:00\",\"dateModified\":\"2025-02-25T09:02:50+00:00\",\"breadcrumb\":{\"@id\":\"https:\/\/www.camping-du-lac-pyrenees.com\/es\/bungalows\/#breadcrumb\"},\"inLanguage\":\"es\",\"potentialAction\":[{\"@type\":\"ReadAction\",\"target\":[\"https:\/\/www.camping-du-lac-pyrenees.com\/es\/bungalows\/\"]}]},{\"@type\":\"ImageObject\",\"inLanguage\":\"es\",\"@id\":\"https:\/\/www.camping-du-lac-pyrenees.com\/es\/bungalows\/#primaryimage\",\"url\":\"https:\/\/www.camping-du-lac-pyrenees.com\/wp-content\/uploads\/papiers-peints-chut-emoticone.jpg-264x300.jpg\",\"contentUrl\":\"https:\/\/www.camping-du-lac-pyrenees.com\/wp-content\/uploads\/papiers-peints-chut-emoticone.jpg-264x300.jpg\"},{\"@type\":\"BreadcrumbList\",\"@id\":\"https:\/\/www.camping-du-lac-pyrenees.com\/es\/bungalows\/#breadcrumb\",\"itemListElement\":[{\"@type\":\"ListItem\",\"position\":1,\"name\":\"Accueil\",\"item\":\"https:\/\/www.camping-du-lac-pyrenees.com\/es\/\"},{\"@type\":\"ListItem\",\"position\":2,\"name\":\"Bungalows\"}]},{\"@type\":\"WebSite\",\"@id\":\"https:\/\/www.camping-du-lac-pyrenees.com\/#website\",\"url\":\"https:\/\/www.camping-du-lac-pyrenees.com\/\",\"name\":\"Camping du lac Argel\u00e8s-Gazost\",\"description\":\"Hautes-Pyr\u00e9n\u00e9es\",\"potentialAction\":[{\"@type\":\"SearchAction\",\"target\":{\"@type\":\"EntryPoint\",\"urlTemplate\":\"https:\/\/www.camping-du-lac-pyrenees.com\/?s={search_term_string}\"},\"query-input\":{\"@type\":\"PropertyValueSpecification\",\"valueRequired\":true,\"valueName\":\"search_term_string\"}}],\"inLanguage\":\"es\"}]}<\/script>\n<!-- \/ Yoast SEO plugin. -->","yoast_head_json":{"title":"Bungalows - Camping du lac Argel\u00e8s-Gazost","robots":{"index":"index","follow":"follow","max-snippet":"max-snippet:-1","max-image-preview":"max-image-preview:large","max-video-preview":"max-video-preview:-1"},"canonical":"https:\/\/www.camping-du-lac-pyrenees.com\/es\/bungalows\/","og_locale":"es_ES","og_type":"article","og_title":"Bungalows - Camping du lac Argel\u00e8s-Gazost","og_description":"[vc_row][vc_column el_class=\u00bbbox_camdulac\u00bb][vc_column_text] Bungalows [\/vc_column_text][vc_empty_space height=\u00bb20px\u00bb][vc_row_inner][vc_column_inner width=\u00bb1\/3&#8243;][vc_column_text]Alquiler de chal\u00e9s t\u00edpicos de monta\u00f1a c\u00f3modos y c\u00e1lidos (la suavidad de la madera para un ambiente de monta\u00f1a) cerca de Argel\u00e8s-Gazsot, en el coraz\u00f3n de los Altos Pirineos en verano o invierno. &nbsp; Para los enamorados de la calma y de la naturaleza que disfrutan del espacio y que&hellip;","og_url":"https:\/\/www.camping-du-lac-pyrenees.com\/es\/bungalows\/","og_site_name":"Camping du lac Argel\u00e8s-Gazost","article_modified_time":"2025-02-25T09:02:50+00:00","twitter_card":"summary_large_image","twitter_misc":{"Tiempo de lectura":"4 minutos"},"schema":{"@context":"https:\/\/schema.org","@graph":[{"@type":"WebPage","@id":"https:\/\/www.camping-du-lac-pyrenees.com\/es\/bungalows\/","url":"https:\/\/www.camping-du-lac-pyrenees.com\/es\/bungalows\/","name":"Bungalows - Camping du lac Argel\u00e8s-Gazost","isPartOf":{"@id":"https:\/\/www.camping-du-lac-pyrenees.com\/#website"},"primaryImageOfPage":{"@id":"https:\/\/www.camping-du-lac-pyrenees.com\/es\/bungalows\/#primaryimage"},"image":{"@id":"https:\/\/www.camping-du-lac-pyrenees.com\/es\/bungalows\/#primaryimage"},"thumbnailUrl":"https:\/\/www.camping-du-lac-pyrenees.com\/wp-content\/uploads\/papiers-peints-chut-emoticone.jpg-264x300.jpg","datePublished":"2016-08-02T11:46:29+00:00","dateModified":"2025-02-25T09:02:50+00:00","breadcrumb":{"@id":"https:\/\/www.camping-du-lac-pyrenees.com\/es\/bungalows\/#breadcrumb"},"inLanguage":"es","potentialAction":[{"@type":"ReadAction","target":["https:\/\/www.camping-du-lac-pyrenees.com\/es\/bungalows\/"]}]},{"@type":"ImageObject","inLanguage":"es","@id":"https:\/\/www.camping-du-lac-pyrenees.com\/es\/bungalows\/#primaryimage","url":"https:\/\/www.camping-du-lac-pyrenees.com\/wp-content\/uploads\/papiers-peints-chut-emoticone.jpg-264x300.jpg","contentUrl":"https:\/\/www.camping-du-lac-pyrenees.com\/wp-content\/uploads\/papiers-peints-chut-emoticone.jpg-264x300.jpg"},{"@type":"BreadcrumbList","@id":"https:\/\/www.camping-du-lac-pyrenees.com\/es\/bungalows\/#breadcrumb","itemListElement":[{"@type":"ListItem","position":1,"name":"Accueil","item":"https:\/\/www.camping-du-lac-pyrenees.com\/es\/"},{"@type":"ListItem","position":2,"name":"Bungalows"}]},{"@type":"WebSite","@id":"https:\/\/www.camping-du-lac-pyrenees.com\/#website","url":"https:\/\/www.camping-du-lac-pyrenees.com\/","name":"Camping du lac Argel\u00e8s-Gazost","description":"Hautes-Pyr\u00e9n\u00e9es","potentialAction":[{"@type":"SearchAction","target":{"@type":"EntryPoint","urlTemplate":"https:\/\/www.camping-du-lac-pyrenees.com\/?s={search_term_string}"},"query-input":{"@type":"PropertyValueSpecification","valueRequired":true,"valueName":"search_term_string"}}],"inLanguage":"es"}]}},"_links":{"self":[{"href":"https:\/\/www.camping-du-lac-pyrenees.com\/es\/wp-json\/wp\/v2\/pages\/644","targetHints":{"allow":["GET"]}}],"collection":[{"href":"https:\/\/www.camping-du-lac-pyrenees.com\/es\/wp-json\/wp\/v2\/pages"}],"about":[{"href":"https:\/\/www.camping-du-lac-pyrenees.com\/es\/wp-json\/wp\/v2\/types\/page"}],"author":[{"embeddable":true,"href":"https:\/\/www.camping-du-lac-pyrenees.com\/es\/wp-json\/wp\/v2\/users\/1"}],"replies":[{"embeddable":true,"href":"https:\/\/www.camping-du-lac-pyrenees.com\/es\/wp-json\/wp\/v2\/comments?post=644"}],"version-history":[{"count":20,"href":"https:\/\/www.camping-du-lac-pyrenees.com\/es\/wp-json\/wp\/v2\/pages\/644\/revisions"}],"predecessor-version":[{"id":6133,"href":"https:\/\/www.camping-du-lac-pyrenees.com\/es\/wp-json\/wp\/v2\/pages\/644\/revisions\/6133"}],"wp:attachment":[{"href":"https:\/\/www.camping-du-lac-pyrenees.com\/es\/wp-json\/wp\/v2\/media?parent=644"}],"curies":[{"name":"wp","href":"https:\/\/api.w.org\/{rel}","templated":true}]}}