{"id":726,"date":"2016-08-02T14:51:52","date_gmt":"2016-08-02T12:51:52","guid":{"rendered":"http:\/\/camdulac.novae-developpement.com\/nl\/?page_id=726"},"modified":"2025-07-24T14:40:31","modified_gmt":"2025-07-24T12:40:31","slug":"camping-frankrijk-pyreneeen-zwembad","status":"publish","type":"page","link":"https:\/\/www.camping-du-lac-pyrenees.com\/nl\/camping-frankrijk-pyreneeen-zwembad\/","title":{"rendered":"Kampeerplaatsen"},"content":{"rendered":"<div class=\"wpb-content-wrapper\"><p>[vc_row margin_bottom=&#8221;20&#8243;][vc_column el_class=&#8221;box_camdulac&#8221;][vc_column_text]<\/p>\n<h1>Camping in de Pyrenee\u00ebn<\/h1>\n<p>[\/vc_column_text][vc_empty_space height=&#8221;20px&#8221;][vc_row_inner][vc_column_inner width=&#8221;1\/3&#8243;]<div class=\"wf-container dt-gallery-container dt-photos-shortcode loading-effect-none description-on-hover iso-grid jg-container hover-style-two hover-fade\" data-padding=\"0px\" data-cur-page=\"1\" data-target-height=\"0px\"><div class=\"wf-cell\" data-date=\"2019-04-13T16:30:32+02:00\" data-name=\"devant\" data-post-id=\"2925\">\n<article class=\"post post-2925 attachment type-attachment status-inherit hentry description-off\">\n\n\t\n<div class=\"rollover-project links-hovers-disabled\">\n\n\t<a href=\"https:\/\/www.camping-du-lac-pyrenees.com\/wp-content\/uploads\/devant.jpg\" class=\"dt-mfp-item mfp-image rollover rollover-zoom\" title=\"devant\" data-dt-img-description=\"\" ><img class=\"preload-me\" srcset=\"https:\/\/www.camping-du-lac-pyrenees.com\/wp-content\/uploads\/devant.jpg 1x, https:\/\/www.camping-du-lac-pyrenees.com\/wp-content\/uploads\/devant.jpg 2x\" alt=\"\" width=\"3997\" height=\"2998\"  \/><\/a>\n\t\n<\/div>\n<\/article>\n\n<\/div><div class=\"wf-cell\" data-date=\"2020-08-31T17:26:33+02:00\" data-name=\"emplacement\" data-post-id=\"4153\">\n<article class=\"post post-4153 attachment type-attachment status-inherit hentry description-off\">\n\n\t\n<div class=\"rollover-project links-hovers-disabled\">\n\n\t<a href=\"https:\/\/www.camping-du-lac-pyrenees.com\/wp-content\/uploads\/emplacement.jpg\" class=\"dt-mfp-item mfp-image rollover rollover-zoom\" title=\"emplacement\" data-dt-img-description=\"\" ><img class=\"preload-me\" srcset=\"https:\/\/www.camping-du-lac-pyrenees.com\/wp-content\/uploads\/emplacement.jpg 1x, https:\/\/www.camping-du-lac-pyrenees.com\/wp-content\/uploads\/emplacement.jpg 2x\" alt=\"\" width=\"1130\" height=\"579\"  \/><\/a>\n\t\n<\/div>\n<\/article>\n\n<\/div><div class=\"wf-cell\" data-date=\"2020-11-13T14:46:33+01:00\" data-name=\"lac artificiel\" data-post-id=\"4436\">\n<article class=\"post post-4436 attachment type-attachment status-inherit hentry description-off\">\n\n\t\n<div class=\"rollover-project links-hovers-disabled\">\n\n\t<a href=\"https:\/\/www.camping-du-lac-pyrenees.com\/wp-content\/uploads\/arcizans212.jpg\" class=\"dt-mfp-item mfp-image rollover rollover-zoom\" title=\"lac artificiel\" data-dt-img-description=\"\" ><img class=\"preload-me\" srcset=\"https:\/\/www.camping-du-lac-pyrenees.com\/wp-content\/uploads\/arcizans212.jpg 1x, https:\/\/www.camping-du-lac-pyrenees.com\/wp-content\/uploads\/arcizans212.jpg 2x\" alt=\"\" width=\"3363\" height=\"1947\"  \/><\/a>\n\t\n<\/div>\n<\/article>\n\n<\/div><div class=\"wf-cell\" data-date=\"2016-07-27T17:19:38+02:00\" data-name=\"Emplacement caravane Camping du Lac Argel\u00e8s-Gazost\" data-post-id=\"2615\">\n<article class=\"post post-2615 attachment type-attachment status-inherit hentry description-off\">\n\n\t\n<div class=\"rollover-project links-hovers-disabled\">\n\n\t<a href=\"https:\/\/www.camping-du-lac-pyrenees.com\/wp-content\/uploads\/2011-08-10-17.40.22.jpg\" class=\"dt-mfp-item mfp-image rollover rollover-zoom\" title=\"Emplacement caravane Camping du Lac Argel\u00e8s-Gazost\" data-dt-img-description=\"\" ><img class=\"preload-me\" srcset=\"https:\/\/www.camping-du-lac-pyrenees.com\/wp-content\/uploads\/2011-08-10-17.40.22.jpg 1x, https:\/\/www.camping-du-lac-pyrenees.com\/wp-content\/uploads\/2011-08-10-17.40.22.jpg 2x\" alt=\"\" width=\"2000\" height=\"1500\"  \/><\/a>\n\t\n<\/div>\n<\/article>\n\n<\/div><div class=\"wf-cell\" data-date=\"2023-04-29T13:15:11+02:00\" data-name=\"jeux 1\" data-post-id=\"5618\">\n<article class=\"post post-5618 attachment type-attachment status-inherit hentry description-off\">\n\n\t\n<div class=\"rollover-project links-hovers-disabled\">\n\n\t<a href=\"https:\/\/www.camping-du-lac-pyrenees.com\/wp-content\/uploads\/jeux-1.jpg\" class=\"dt-mfp-item mfp-image rollover rollover-zoom\" title=\"jeux 1\" data-dt-img-description=\"\" ><img class=\"preload-me\" srcset=\"https:\/\/www.camping-du-lac-pyrenees.com\/wp-content\/uploads\/jeux-1.jpg 1x, https:\/\/www.camping-du-lac-pyrenees.com\/wp-content\/uploads\/jeux-1.jpg 2x\" alt=\"\" width=\"631\" height=\"375\"  \/><\/a>\n\t\n<\/div>\n<\/article>\n\n<\/div><div class=\"wf-cell\" data-date=\"2018-03-29T15:08:41+02:00\" data-name=\"SAMSUNG\" data-post-id=\"2987\">\n<article class=\"post post-2987 attachment type-attachment status-inherit hentry description-off\">\n\n\t\n<div class=\"rollover-project links-hovers-disabled\">\n\n\t<a href=\"https:\/\/www.camping-du-lac-pyrenees.com\/wp-content\/uploads\/R11.jpg\" class=\"dt-mfp-item mfp-image rollover rollover-zoom\" title=\"SAMSUNG\" data-dt-img-description=\"\" ><img class=\"preload-me\" srcset=\"https:\/\/www.camping-du-lac-pyrenees.com\/wp-content\/uploads\/R11.jpg 1x, https:\/\/www.camping-du-lac-pyrenees.com\/wp-content\/uploads\/R11.jpg 2x\" alt=\"\" width=\"2560\" height=\"1920\"  \/><\/a>\n\t\n<\/div>\n<\/article>\n\n<\/div><div class=\"wf-cell\" data-date=\"2023-04-28T18:02:22+02:00\" data-name=\"tente\" data-post-id=\"5606\">\n<article class=\"post post-5606 attachment type-attachment status-inherit hentry description-off\">\n\n\t\n<div class=\"rollover-project links-hovers-disabled\">\n\n\t<a href=\"https:\/\/www.camping-du-lac-pyrenees.com\/wp-content\/uploads\/tente.jpg\" class=\"dt-mfp-item mfp-image rollover rollover-zoom\" title=\"tente\" data-dt-img-description=\"\" ><img class=\"preload-me\" srcset=\"https:\/\/www.camping-du-lac-pyrenees.com\/wp-content\/uploads\/tente.jpg 1x, https:\/\/www.camping-du-lac-pyrenees.com\/wp-content\/uploads\/tente.jpg 2x\" alt=\"\" width=\"1254\" height=\"837\"  \/><\/a>\n\t\n<\/div>\n<\/article>\n\n<\/div><div class=\"wf-cell\" data-date=\"2021-02-04T09:52:50+01:00\" data-name=\"clement1\" data-post-id=\"4726\">\n<article class=\"post post-4726 attachment type-attachment status-inherit hentry description-off\">\n\n\t\n<div class=\"rollover-project links-hovers-disabled\">\n\n\t<a href=\"https:\/\/www.camping-du-lac-pyrenees.com\/wp-content\/uploads\/clement1.jpg\" class=\"dt-mfp-item mfp-image rollover rollover-zoom\" title=\"clement1\" data-dt-img-description=\"\" ><img class=\"preload-me\" srcset=\"https:\/\/www.camping-du-lac-pyrenees.com\/wp-content\/uploads\/clement1.jpg 1x, https:\/\/www.camping-du-lac-pyrenees.com\/wp-content\/uploads\/clement1.jpg 2x\" alt=\"\" width=\"956\" height=\"959\"  \/><\/a>\n\t\n<\/div>\n<\/article>\n\n<\/div><div class=\"wf-cell\" data-date=\"2020-12-11T10:58:17+01:00\" data-name=\"Capture\" data-post-id=\"4640\">\n<article class=\"post post-4640 attachment type-attachment status-inherit hentry description-off\">\n\n\t\n<div class=\"rollover-project links-hovers-disabled\">\n\n\t<a href=\"https:\/\/www.camping-du-lac-pyrenees.com\/wp-content\/uploads\/Capture.jpg\" class=\"dt-mfp-item mfp-image rollover rollover-zoom\" title=\"Capture\" data-dt-img-description=\"\" ><img class=\"preload-me\" srcset=\"https:\/\/www.camping-du-lac-pyrenees.com\/wp-content\/uploads\/Capture.jpg 1x, https:\/\/www.camping-du-lac-pyrenees.com\/wp-content\/uploads\/Capture.jpg 2x\" alt=\"\" width=\"1411\" height=\"804\"  \/><\/a>\n\t\n<\/div>\n<\/article>\n\n<\/div><\/div>[vc_column_text]<\/p>\n<p><strong>Klik de foto&#8217;s om te vergroten<\/strong>[\/vc_column_text][\/vc_column_inner][vc_column_inner width=&#8221;2\/3&#8243;][vc_column_text]<\/p>\n<p class=\"align-center\" style=\"text-align: center;\">Leven als God in Frankrijk dat willen we toch allemaal !<\/p>\n<p>&nbsp;<\/p>\n<p style=\"text-align: center;\">Onze familiecamping ligt vlakbij<\/p>\n<p style=\"text-align: center;\">een\u00a0 kuntsmatig meer = u kunt kennis maken<\/p>\n<p style=\"text-align: center;\">met het vissen met onze gids &#8221; Cl\u00e9ment&#8221;<\/p>\n<p style=\"text-align: center;\">(verboden te zwemmen)<\/p>\n<p style=\"text-align: center;\"><strong>De camping ligt midden in de natuur, met fraaie uitzichten op de bergen !<\/strong><\/p>\n<p>&nbsp;<\/p>\n<p><img loading=\"lazy\" decoding=\"async\" class=\"wp-image-4168 aligncenter\" src=\"https:\/\/www.camping-du-lac-pyrenees.com\/wp-content\/uploads\/69.2.jpg\" alt=\"\" width=\"406\" height=\"229\" \/><\/p>\n<p>&nbsp;<\/p>\n<ul>\n<li><strong>\u00a0Camping du Lac biedt in de eerste plaats veel ruimte !<\/strong><\/li>\n<\/ul>\n<p>Plaatsen\u00a0van 110 \u00a0tot 230 m\u00b2, voor tenten, caravans of campers, naargelang\u00a0\u00a0de beschikbaarheid. Mooie plaatsen voor ontspanning om zo het beste uit uw vakantie te halen.<\/p>\n<p>Voor campers :\u00a0 grijs water afvoer, chemische toiletten en waterpunt ter plaats !<\/p>\n<p>Barbecue toegelaten.[\/vc_column_text][vc_empty_space height=&#8221;20px&#8221;][vc_column_text][\/vc_column_text][\/vc_column_inner][\/vc_row_inner][vc_empty_space height=&#8221;20px&#8221;]<div class=\"hr-thin style-line\" style=\"width: 100%;\"><\/div>[vc_empty_space height=&#8221;20px&#8221;][vc_row_inner][vc_column_inner width=&#8221;1\/2&#8243;][vc_column_text css=&#8221;&#8221;]<\/p>\n<h3>Camping du Lac \u00a0* * * *<\/h3>\n<p>&nbsp;<\/p>\n<p><strong>(Acsi card welkom: zie pagina tarieven)<\/strong><\/p>\n<p>&nbsp;<\/p>\n<ul>\n<li style=\"text-align: justify;\"><b>Een &#8220;traditionele&#8221; camping:<\/b>\u00a073 staanplaatsen. &#8220;Bijna&#8221; alle kampeerplaatsen liggen afgescheiden van de huuraccomodatie, dus geen inkijk.<\/li>\n<li style=\"text-align: justify;\"><b>\u00a0<\/b><b>Comfort<\/b> :<br \/>\n* Uitstekend onderhouden sanitair met individuele cabines .<br \/>\nSpeciaal uitgeruste was-, droog- en\u00a0strijkruimtes.<\/li>\n<li><strong>Ter plaats : camper service plaats :<\/strong> gereserveerd voor \u00e9\u00e9n voor onze klanten<\/li>\n<\/ul>\n<p><img loading=\"lazy\" decoding=\"async\" class=\"wp-image-4827 aligncenter\" src=\"https:\/\/www.camping-du-lac-pyrenees.com\/wp-content\/uploads\/t\u00e9l\u00e9chargement-1.png\" alt=\"\" width=\"142\" height=\"106\" \/><\/p>\n<ul>\n<li>Gratis Wifi<\/li>\n<\/ul>\n<p>&nbsp;<\/p>\n<h5 style=\"text-align: center;\"><b> \u00a0Camping du Lac is bovenal\u00a0een &#8220;rustige&#8221;camping ! !\u00a0<\/b><\/h5>\n<p style=\"text-align: center;\"><strong data-start=\"324\" data-end=\"362\">Geen animatie&#8230;<\/strong><\/p>\n<p style=\"text-align: center;\"><strong data-start=\"324\" data-end=\"362\">maar wel toewijding !<\/strong><\/p>\n<p style=\"text-align: center;\"><br data-start=\"362\" data-end=\"365\" \/>Of u nu zin hebt in een wandeltocht, een bezoek aan een typsich dorp, een lokale mark<\/p>\n<p style=\"text-align: center;\">of liever zou willen fietsen, raften paraglijden<\/p>\n<p style=\"text-align: center;\">\u2013 wij begeleiden u met plezier zodat uw verblijf rijk is aan ontdekkingen&#8230;<\/p>\n<p>&nbsp;<\/p>\n<p style=\"text-align: center;\">Wij verzekeren &#8220;volledige&#8221; stilte na 23 uur voor een optimale nachtrust van onze klanten.<\/p>\n<p style=\"text-align: center;\"><b><img loading=\"lazy\" decoding=\"async\" class=\"wp-image-254 aligncenter\" src=\"\/wp-content\/uploads\/image_silence.jpg\" alt=\"Bonne nuit\" width=\"74\" height=\"76\" \/><\/b><\/p>\n<p><strong>Ter plaats<\/strong><\/p>\n<ul>\n<li><strong>Snack, bar, afhaalmaatljden : geniet van ons terras met prachtige uitzicht op de vallei en de bergen<\/strong><\/li>\n<li><strong>Bent u iets vergeten?\u00a0 kleine campingwinkeltje<\/strong><\/li>\n<li><strong>Vers brood en ontbijt elke ochtend\u00a0 &#8230;<\/strong><\/li>\n<\/ul>\n<div id=\"attachment_2925\" style=\"width: 310px\" class=\"wp-caption aligncenter\"><img loading=\"lazy\" decoding=\"async\" aria-describedby=\"caption-attachment-2925\" class=\"size-medium wp-image-2925\" src=\"https:\/\/www.camping-du-lac-pyrenees.com\/wp-content\/uploads\/devant-300x225.jpg\" alt=\"\" width=\"300\" height=\"225\" srcset=\"https:\/\/www.camping-du-lac-pyrenees.com\/wp-content\/uploads\/devant-300x225.jpg 300w, https:\/\/www.camping-du-lac-pyrenees.com\/wp-content\/uploads\/devant-768x576.jpg 768w, https:\/\/www.camping-du-lac-pyrenees.com\/wp-content\/uploads\/devant-1024x768.jpg 1024w\" sizes=\"auto, (max-width: 300px) 100vw, 300px\" \/><p id=\"caption-attachment-2925\" class=\"wp-caption-text\">Kampeerplaats Hautes pyrenees<\/p><\/div>\n<p>[\/vc_column_text][\/vc_column_inner][vc_column_inner width=&#8221;1\/2&#8243;]<div class=\"wf-container dt-gallery-container dt-photos-shortcode loading-effect-none description-on-hover iso-grid jg-container hover-style-two hover-fade\" data-padding=\"0px\" data-cur-page=\"1\" data-target-height=\"0px\"><div class=\"wf-cell\" data-date=\"2020-11-13T14:46:33+01:00\" data-name=\"lac artificiel\" data-post-id=\"4436\">\n<article class=\"post post-4436 attachment type-attachment status-inherit hentry description-off\">\n\n\t\n<div class=\"rollover-project links-hovers-disabled\">\n\n\t<a href=\"https:\/\/www.camping-du-lac-pyrenees.com\/wp-content\/uploads\/arcizans212.jpg\" class=\"dt-mfp-item mfp-image rollover rollover-zoom\" title=\"lac artificiel\" data-dt-img-description=\"\" ><img class=\"preload-me\" srcset=\"https:\/\/www.camping-du-lac-pyrenees.com\/wp-content\/uploads\/arcizans212.jpg 1x, https:\/\/www.camping-du-lac-pyrenees.com\/wp-content\/uploads\/arcizans212.jpg 2x\" alt=\"\" width=\"3363\" height=\"1947\"  \/><\/a>\n\t\n<\/div>\n<\/article>\n\n<\/div><div class=\"wf-cell\" data-date=\"2024-04-13T15:56:32+02:00\" data-name=\"Camping Pyrenee\u00ebn\" data-post-id=\"5917\">\n<article class=\"post post-5917 attachment type-attachment status-inherit hentry description-off\">\n\n\t\n<div class=\"rollover-project links-hovers-disabled\">\n\n\t<a href=\"https:\/\/www.camping-du-lac-pyrenees.com\/wp-content\/uploads\/2024-vue-aerienne.jpg\" class=\"dt-mfp-item mfp-image rollover rollover-zoom\" title=\"Camping Pyrenee\u00ebn\" data-dt-img-description=\"\" ><img class=\"preload-me\" srcset=\"https:\/\/www.camping-du-lac-pyrenees.com\/wp-content\/uploads\/2024-vue-aerienne.jpg 1x, https:\/\/www.camping-du-lac-pyrenees.com\/wp-content\/uploads\/2024-vue-aerienne.jpg 2x\" alt=\"\" width=\"1077\" height=\"526\"  \/><\/a>\n\t\n<\/div>\n<\/article>\n\n<\/div><div class=\"wf-cell\" data-date=\"2020-08-31T15:51:08+02:00\" data-name=\"18\" data-post-id=\"4132\">\n<article class=\"post post-4132 attachment type-attachment status-inherit hentry description-off\">\n\n\t\n<div class=\"rollover-project links-hovers-disabled\">\n\n\t<a href=\"https:\/\/www.camping-du-lac-pyrenees.com\/wp-content\/uploads\/18.jpg\" class=\"dt-mfp-item mfp-image rollover rollover-zoom\" title=\"18\" data-dt-img-description=\"\" ><img class=\"preload-me\" srcset=\"https:\/\/www.camping-du-lac-pyrenees.com\/wp-content\/uploads\/18.jpg 1x, https:\/\/www.camping-du-lac-pyrenees.com\/wp-content\/uploads\/18.jpg 2x\" alt=\"\" width=\"1141\" height=\"642\"  \/><\/a>\n\t\n<\/div>\n<\/article>\n\n<\/div><div class=\"wf-cell\" data-date=\"2020-11-04T13:46:42+01:00\" data-name=\"num34\" data-post-id=\"4368\">\n<article class=\"post post-4368 attachment type-attachment status-inherit hentry description-off\">\n\n\t\n<div class=\"rollover-project links-hovers-disabled\">\n\n\t<a href=\"https:\/\/www.camping-du-lac-pyrenees.com\/wp-content\/uploads\/num34.jpg\" class=\"dt-mfp-item mfp-image rollover rollover-zoom\" title=\"num34\" data-dt-img-description=\"\" ><img class=\"preload-me\" srcset=\"https:\/\/www.camping-du-lac-pyrenees.com\/wp-content\/uploads\/num34.jpg 1x, https:\/\/www.camping-du-lac-pyrenees.com\/wp-content\/uploads\/num34.jpg 2x\" alt=\"\" width=\"1048\" height=\"594\"  \/><\/a>\n\t\n<\/div>\n<\/article>\n\n<\/div><div class=\"wf-cell\" data-date=\"2020-08-31T15:51:28+02:00\" data-name=\"camp car\" data-post-id=\"4140\">\n<article class=\"post post-4140 attachment type-attachment status-inherit hentry description-off\">\n\n\t\n<div class=\"rollover-project links-hovers-disabled\">\n\n\t<a href=\"https:\/\/www.camping-du-lac-pyrenees.com\/wp-content\/uploads\/camp-car.jpg\" class=\"dt-mfp-item mfp-image rollover rollover-zoom\" title=\"camp car\" data-dt-img-description=\"\" ><img class=\"preload-me\" srcset=\"https:\/\/www.camping-du-lac-pyrenees.com\/wp-content\/uploads\/camp-car.jpg 1x, https:\/\/www.camping-du-lac-pyrenees.com\/wp-content\/uploads\/camp-car.jpg 2x\" alt=\"\" width=\"239\" height=\"239\"  \/><\/a>\n\t\n<\/div>\n<\/article>\n\n<\/div><div class=\"wf-cell\" data-date=\"2023-04-29T13:47:49+02:00\" data-name=\"terrasse du lac\" data-post-id=\"5623\">\n<article class=\"post post-5623 attachment type-attachment status-inherit hentry description-off\">\n\n\t\n<div class=\"rollover-project links-hovers-disabled\">\n\n\t<a href=\"https:\/\/www.camping-du-lac-pyrenees.com\/wp-content\/uploads\/terrasse-du-lac.jpg\" class=\"dt-mfp-item mfp-image rollover rollover-zoom\" title=\"terrasse du lac\" data-dt-img-description=\"\" ><img class=\"preload-me\" srcset=\"https:\/\/www.camping-du-lac-pyrenees.com\/wp-content\/uploads\/terrasse-du-lac.jpg 1x, https:\/\/www.camping-du-lac-pyrenees.com\/wp-content\/uploads\/terrasse-du-lac.jpg 2x\" alt=\"\" width=\"4032\" height=\"2268\"  \/><\/a>\n\t\n<\/div>\n<\/article>\n\n<\/div><div class=\"wf-cell\" data-date=\"2017-06-14T11:29:53+02:00\" data-name=\"BAR 2\" data-post-id=\"2906\">\n<article class=\"post post-2906 attachment type-attachment status-inherit hentry description-off\">\n\n\t\n<div class=\"rollover-project links-hovers-disabled\">\n\n\t<a href=\"https:\/\/www.camping-du-lac-pyrenees.com\/wp-content\/uploads\/BAR-2.jpg\" class=\"dt-mfp-item mfp-image rollover rollover-zoom\" title=\"BAR 2\" data-dt-img-description=\"\" ><img class=\"preload-me\" srcset=\"https:\/\/www.camping-du-lac-pyrenees.com\/wp-content\/uploads\/BAR-2.jpg 1x, https:\/\/www.camping-du-lac-pyrenees.com\/wp-content\/uploads\/BAR-2.jpg 2x\" alt=\"\" width=\"4032\" height=\"3024\"  \/><\/a>\n\t\n<\/div>\n<\/article>\n\n<\/div><div class=\"wf-cell\" data-date=\"2019-01-29T10:14:08+01:00\" data-name=\"MINE BAR\" data-post-id=\"3128\">\n<article class=\"post post-3128 attachment type-attachment status-inherit hentry description-off\">\n\n\t\n<div class=\"rollover-project links-hovers-disabled\">\n\n\t<a href=\"https:\/\/www.camping-du-lac-pyrenees.com\/wp-content\/uploads\/MINE-BAR.jpg\" class=\"dt-mfp-item mfp-image rollover rollover-zoom\" title=\"MINE BAR\" data-dt-img-description=\"\" ><img class=\"preload-me\" srcset=\"https:\/\/www.camping-du-lac-pyrenees.com\/wp-content\/uploads\/MINE-BAR.jpg 1x, https:\/\/www.camping-du-lac-pyrenees.com\/wp-content\/uploads\/MINE-BAR.jpg 2x\" alt=\"\" width=\"2521\" height=\"3650\"  \/><\/a>\n\t\n<\/div>\n<\/article>\n\n<\/div><\/div>[vc_column_text][\/vc_column_text][vc_column_text][\/vc_column_text][\/vc_column_inner][\/vc_row_inner][vc_empty_space height=&#8221;20px&#8221;]<div class=\"hr-thin style-line\" style=\"width: 100%;\"><\/div>[vc_empty_space height=&#8221;20px&#8221;][vc_row_inner][vc_column_inner width=&#8221;1\/2&#8243;]<div class=\"wf-container dt-gallery-container dt-photos-shortcode loading-effect-none description-on-hover iso-grid jg-container hover-style-two hover-fade\" data-padding=\"0px\" data-cur-page=\"1\" data-target-height=\"0px\"><div class=\"wf-cell\" data-date=\"2017-06-17T15:28:39+02:00\" data-name=\"piscine2017-2\" data-post-id=\"2912\">\n<article class=\"post post-2912 attachment type-attachment status-inherit hentry description-off\">\n\n\t\n<div class=\"rollover-project links-hovers-disabled\">\n\n\t<a href=\"https:\/\/www.camping-du-lac-pyrenees.com\/wp-content\/uploads\/piscine2017-2.jpg\" class=\"dt-mfp-item mfp-image rollover rollover-zoom\" title=\"piscine2017-2\" data-dt-img-description=\"\" ><img class=\"preload-me\" srcset=\"https:\/\/www.camping-du-lac-pyrenees.com\/wp-content\/uploads\/piscine2017-2.jpg 1x, https:\/\/www.camping-du-lac-pyrenees.com\/wp-content\/uploads\/piscine2017-2.jpg 2x\" alt=\"\" width=\"1920\" height=\"1022\"  \/><\/a>\n\t\n<\/div>\n<\/article>\n\n<\/div><div class=\"wf-cell\" data-date=\"2024-04-13T15:56:32+02:00\" data-name=\"Camping Pyrenee\u00ebn\" data-post-id=\"5917\">\n<article class=\"post post-5917 attachment type-attachment status-inherit hentry description-off\">\n\n\t\n<div class=\"rollover-project links-hovers-disabled\">\n\n\t<a href=\"https:\/\/www.camping-du-lac-pyrenees.com\/wp-content\/uploads\/2024-vue-aerienne.jpg\" class=\"dt-mfp-item mfp-image rollover rollover-zoom\" title=\"Camping Pyrenee\u00ebn\" data-dt-img-description=\"\" ><img class=\"preload-me\" srcset=\"https:\/\/www.camping-du-lac-pyrenees.com\/wp-content\/uploads\/2024-vue-aerienne.jpg 1x, https:\/\/www.camping-du-lac-pyrenees.com\/wp-content\/uploads\/2024-vue-aerienne.jpg 2x\" alt=\"\" width=\"1077\" height=\"526\"  \/><\/a>\n\t\n<\/div>\n<\/article>\n\n<\/div><div class=\"wf-cell\" data-date=\"2021-07-14T20:02:45+02:00\" data-name=\"capture\" data-post-id=\"5134\">\n<article class=\"post post-5134 attachment type-attachment status-inherit hentry description-off\">\n\n\t\n<div class=\"rollover-project links-hovers-disabled\">\n\n\t<a href=\"https:\/\/www.camping-du-lac-pyrenees.com\/wp-content\/uploads\/capture.jpg\" class=\"dt-mfp-item mfp-image rollover rollover-zoom\" title=\"capture\" data-dt-img-description=\"\" ><img class=\"preload-me\" srcset=\"https:\/\/www.camping-du-lac-pyrenees.com\/wp-content\/uploads\/capture.jpg 1x, https:\/\/www.camping-du-lac-pyrenees.com\/wp-content\/uploads\/capture.jpg 2x\" alt=\"piscine camping Argel\u00e8s-Gazost\" width=\"1110\" height=\"576\"  \/><\/a>\n\t\n<\/div>\n<\/article>\n\n<\/div><div class=\"wf-cell\" data-date=\"2023-04-28T18:02:31+02:00\" data-name=\"foot\" data-post-id=\"5662\">\n<article class=\"post post-5662 attachment type-attachment status-inherit hentry description-off\">\n\n\t\n<div class=\"rollover-project links-hovers-disabled\">\n\n\t<a href=\"https:\/\/www.camping-du-lac-pyrenees.com\/wp-content\/uploads\/sport.jpg\" class=\"dt-mfp-item mfp-image rollover rollover-zoom\" title=\"foot\" data-dt-img-description=\"\" ><img class=\"preload-me\" srcset=\"https:\/\/www.camping-du-lac-pyrenees.com\/wp-content\/uploads\/sport.jpg 1x, https:\/\/www.camping-du-lac-pyrenees.com\/wp-content\/uploads\/sport.jpg 2x\" alt=\"\" width=\"225\" height=\"225\"  \/><\/a>\n\t\n<\/div>\n<\/article>\n\n<\/div><div class=\"wf-cell\" data-date=\"2023-04-29T13:15:11+02:00\" data-name=\"jeux 1\" data-post-id=\"5618\">\n<article class=\"post post-5618 attachment type-attachment status-inherit hentry description-off\">\n\n\t\n<div class=\"rollover-project links-hovers-disabled\">\n\n\t<a href=\"https:\/\/www.camping-du-lac-pyrenees.com\/wp-content\/uploads\/jeux-1.jpg\" class=\"dt-mfp-item mfp-image rollover rollover-zoom\" title=\"jeux 1\" data-dt-img-description=\"\" ><img class=\"preload-me\" srcset=\"https:\/\/www.camping-du-lac-pyrenees.com\/wp-content\/uploads\/jeux-1.jpg 1x, https:\/\/www.camping-du-lac-pyrenees.com\/wp-content\/uploads\/jeux-1.jpg 2x\" alt=\"\" width=\"631\" height=\"375\"  \/><\/a>\n\t\n<\/div>\n<\/article>\n\n<\/div><div class=\"wf-cell\" data-date=\"2019-04-29T09:46:13+02:00\" data-name=\"jeux3\" data-post-id=\"3253\">\n<article class=\"post post-3253 attachment type-attachment status-inherit hentry description-off\">\n\n\t\n<div class=\"rollover-project links-hovers-disabled\">\n\n\t<a href=\"https:\/\/www.camping-du-lac-pyrenees.com\/wp-content\/uploads\/jeux3.jpg\" class=\"dt-mfp-item mfp-image rollover rollover-zoom\" title=\"jeux3\" data-dt-img-description=\"\" ><img class=\"preload-me\" srcset=\"https:\/\/www.camping-du-lac-pyrenees.com\/wp-content\/uploads\/jeux3.jpg 1x, https:\/\/www.camping-du-lac-pyrenees.com\/wp-content\/uploads\/jeux3.jpg 2x\" alt=\"\" width=\"2311\" height=\"1300\"  \/><\/a>\n\t\n<\/div>\n<\/article>\n\n<\/div><div class=\"wf-cell\" data-date=\"2018-01-10T13:47:14+01:00\" data-name=\"molky1\" data-post-id=\"2957\">\n<article class=\"post post-2957 attachment type-attachment status-inherit hentry description-off\">\n\n\t\n<div class=\"rollover-project links-hovers-disabled\">\n\n\t<a href=\"https:\/\/www.camping-du-lac-pyrenees.com\/wp-content\/uploads\/molky1.jpg\" class=\"dt-mfp-item mfp-image rollover rollover-zoom\" title=\"molky1\" data-dt-img-description=\"\" ><img class=\"preload-me\" srcset=\"https:\/\/www.camping-du-lac-pyrenees.com\/wp-content\/uploads\/molky1.jpg 1x, https:\/\/www.camping-du-lac-pyrenees.com\/wp-content\/uploads\/molky1.jpg 2x\" alt=\"\" width=\"495\" height=\"552\"  \/><\/a>\n\t\n<\/div>\n<\/article>\n\n<\/div><div class=\"wf-cell\" data-date=\"2016-07-28T11:25:30+02:00\" data-name=\"Aire de jeu au Camping du Lac \u00e0 Argel\u00e8s-Gazost\" data-post-id=\"2660\">\n<article class=\"post post-2660 attachment type-attachment status-inherit hentry description-off\">\n\n\t\n<div class=\"rollover-project links-hovers-disabled\">\n\n\t<a href=\"https:\/\/www.camping-du-lac-pyrenees.com\/wp-content\/uploads\/aire-de-jeu.jpg\" class=\"dt-mfp-item mfp-image rollover rollover-zoom\" title=\"Aire de jeu au Camping du Lac \u00e0 Argel\u00e8s-Gazost\" data-dt-img-description=\"\" ><img class=\"preload-me\" srcset=\"https:\/\/www.camping-du-lac-pyrenees.com\/wp-content\/uploads\/aire-de-jeu.jpg 1x, https:\/\/www.camping-du-lac-pyrenees.com\/wp-content\/uploads\/aire-de-jeu.jpg 2x\" alt=\"\" width=\"800\" height=\"600\"  \/><\/a>\n\t\n<\/div>\n<\/article>\n\n<\/div><\/div>[vc_empty_space height=&#8221;20px&#8221;][vc_single_image image=&#8221;274&#8243; img_size=&#8221;full&#8221;][vc_column_text][\/vc_column_text][vc_empty_space][vc_column_text]<\/p>\n<h3>\u2013 Activeiten ? Sensaties ?<\/h3>\n<p><strong>Wij organiseren<\/strong><strong>\u00a0iedere dag\u00a0<\/strong><strong>\u00a0tijdens uw verblijf om uw tijds te vullen.<\/strong><\/p>\n<p>Een goede tijd met familie;<\/p>\n<p>( tussen 25 \u20ac en 45 \u20ac)<\/p>\n<ul>\n<li>\n<ul>\n<li>\u00a0<strong>Bergwandelingen<\/strong>\u00a0met een gids\u00a0om schitterende landschappen te ontdekken, weg van de toeristische paden. Het programma biedt wandelroutes voor alle niveaus, voor groot en klein :\u00a0zonsondergang,\u00a0ontdekking van flora en meren, steenbokken, marmotten, of ontmoeting met een herder \u2026<\/li>\n<\/ul>\n<p>&nbsp;<\/p>\n<ul>\n<li><strong>Vissen voor beginners ( geleverde materiaal !!) met een gids\u00a0<\/strong>\u00a0bij het kuntsmatig meer vlakbij de camping.<\/li>\n<\/ul>\n<p>&nbsp;<\/p>\n<ul>\n<li><strong>Canyoning<\/strong>\u00a0vanaf 7 jaar !\u00a0Canyoning (spreek uit als: \u2018ken-jo-ning\u2019) is waarschijnlijk \u00e9\u00e9n van de meest spectaculaire buitensporten die je kunt doen. Bij het canyoningen maak je al lopend, zwemmend, klimmend, glijdend, springend en abseilend een tocht door een kloof (of \u2018canyon\u2019) waar meestal water doorheen stroomt. Een canyon is een mooie en indrukwekkende omgeving waar je normaal niet zo snel komt.<\/li>\n<\/ul>\n<p>&nbsp;<\/p>\n<ul>\n<li><strong>Rafting :<\/strong>\u00a0Raften is het bevaren van een wildwater rivier op een rubberen \u201dboot\u201d. Is dat spannend? Absoluut! Raften is super spannend en geeft een enorme adrenaline kick.<\/li>\n<\/ul>\n<p>&nbsp;<\/p>\n<ul>\n<li><strong>Via Ferrata :\u00a0<\/strong>de Via Ferrata bieden iedereen in alle veiligheid sensationele wandelingen. \u201cDe Ferratiste\u201d draagt een helm en is beveiligd met een speciale gordel en touw. Men is altijd met een kabel verbonden die langs de Via Ferrata loopt en men vordert met behulp van kunstgrepen. De Via Ferrata is zowel hoog als veilig en maakt het mogelijk om tussen hemel en aarde onvergelijkbare sensaties te beleven, tussen spanning door de hoogte, het heerlijke gevoel om je in een nieuwe wereld voort te bewegen, en het plezier van de inspanning<\/li>\n<\/ul>\n<\/li>\n<\/ul>\n<p>&nbsp;<\/p>\n<ul>\n<li><strong>Moutain elektrische step :\u00a0<\/strong>lekker genieten in de natuur. Erg stil,\u00a0een uitgelezen\u00a0<span class=\"sel\">manier om<\/span>\u00a0de verschillende\u00a0<span class=\"sel\">landschappen<\/span>\u00a0te verkennen.<\/li>\n<\/ul>\n<p>[\/vc_column_text][\/vc_column_inner][vc_column_inner width=&#8221;1\/2&#8243;][vc_column_text]<\/p>\n<p style=\"text-align: center;\"><strong>&#8221; Heel veel te doen\u201d hier\u00a0 \u00a0!! O<\/strong><strong>nze camping geeft de voorkeur aan activiteiten in vrije natuur.<\/strong><\/p>\n<p style=\"text-align: center;\"><strong>Ontspanning\u00a0 of\u00a0 activiteiten ?\u00a0 \u00a0<\/strong><\/p>\n<p>&nbsp;<\/p>\n<h3 style=\"text-align: center;\">&#8211;\u00a0 \u00a0Ontspanning\u00a0 ?<\/h3>\n<h5><b style=\"font-size: 14px;\">Twee verwarmde zwembaden :\u00a0<\/b><b style=\"font-size: 14px;\">\u00a0(\u00a015 juni t \/ m \u00a010 september )<\/b><\/h5>\n<ul>\n<li>Een zwembad\u00a0:\u00a0 Lengte 14m 1,60 diep.<\/li>\n<li>De tweede voor groot en klein\u00a0:\u00a0\u00a018 m lengte en 0.50m tot 1.10 m diep.\u00a0 pierenbad voor kinderen en een spa\u00a0\u00a0die speciaal gewijd is aan\u00a0ontspanning en welzijn.\u00a0 Geniet\u00a0 van een hydro massage\u00a0 \u00a0(0.40m\u00a0 tot 1 m\u00a0\u00a0en\u00a0\u00a018 m lengte.)<\/li>\n<\/ul>\n<p><strong><img loading=\"lazy\" decoding=\"async\" class=\"wp-image-5639 aligncenter\" src=\"https:\/\/www.camping-du-lac-pyrenees.com\/wp-content\/uploads\/emmapiscine.jpg\" alt=\"\" width=\"251\" height=\"167\" \/>\u00a0Twee\u00a0 speelplaatsen :\u00a0<\/strong><\/p>\n<ul>\n<li>\u00a0Een groot speelveld\u00a0\u00a0van 3000 m\u00b2 (voetbal, volleybal, badminton&#8230;) voor de ontspanning van groot en klein. Maar vooral de ideale plek voor de kinderen om snel vriendjes te maken en samen te spelen.<\/li>\n<li style=\"text-align: justify;\">Een speeltuin met kleine klimmuur, pingpong tafels en schommels&#8230;<\/li>\n<\/ul>\n<p><strong>Snack, bar, afhaalmaatljden ter plaats\u00a0 !<\/strong><\/p>\n<p>Geniet van\u00a0\u00a0een heerlijk glas wijn of Pyrenee\u00ebn biertje op ons terras met prachtige uitzicht op de vallei en de bergen.<\/p>\n<p>\u2019s Middags en \u2019s avonds een grote keuze van maaltijden ( ter plaatse of afhaal).<\/p>\n<p>Een winkeltje : boodschappen doen\u2026een haast dagelijks terugkerende bezigheid in een familie. Iederee morgen kun je genieten van een verse baguette of warme croissantjes en chocoladebroodjes bij je ontbijt. Het winkeltje biedt u ook een assortiment aan wijnen en produkten uit de Pyrenee\u00ebn.<\/p>\n<p>&nbsp;<\/p>\n<p>&nbsp;<\/p>\n<p>&nbsp;<\/p>\n<p><img loading=\"lazy\" decoding=\"async\" class=\" wp-image-4738\" src=\"https:\/\/www.camping-du-lac-pyrenees.com\/wp-content\/uploads\/Pierre-Bichon1.jpg\" alt=\"\" width=\"220\" height=\"165\" \/><\/p>\n<p><img loading=\"lazy\" decoding=\"async\" class=\"alignnone wp-image-4726\" src=\"https:\/\/www.camping-du-lac-pyrenees.com\/wp-content\/uploads\/clement1.jpg\" alt=\"\" width=\"175\" height=\"176\" \/><\/p>\n<p><img loading=\"lazy\" decoding=\"async\" class=\" wp-image-3116\" src=\"https:\/\/www.camping-du-lac-pyrenees.com\/wp-content\/uploads\/raftroc-300x206.jpg\" alt=\"\" width=\"231\" height=\"159\" srcset=\"https:\/\/www.camping-du-lac-pyrenees.com\/wp-content\/uploads\/raftroc-300x206.jpg 300w, https:\/\/www.camping-du-lac-pyrenees.com\/wp-content\/uploads\/raftroc.jpg 569w\" sizes=\"auto, (max-width: 231px) 100vw, 231px\" \/><\/p>\n<p><img loading=\"lazy\" decoding=\"async\" class=\" wp-image-4662\" src=\"https:\/\/www.camping-du-lac-pyrenees.com\/wp-content\/uploads\/via-ferrata-1.jpg\" alt=\"\" width=\"190\" height=\"190\" \/><\/p>\n<p><img loading=\"lazy\" decoding=\"async\" class=\" wp-image-5382\" src=\"https:\/\/www.camping-du-lac-pyrenees.com\/wp-content\/uploads\/trot2.jpg\" alt=\"\" width=\"226\" height=\"170\" \/>[\/vc_column_text][\/vc_column_inner][\/vc_row_inner][vc_empty_space height=&#8221;20px&#8221;]<div class=\"hr-thin style-line\" style=\"width: 100%;\"><\/div>[vc_empty_space height=&#8221;20px&#8221;][vc_row_inner][vc_column_inner width=&#8221;2\/3&#8243;][vc_column_text]<\/p>\n<h3 class=\"align-center\" style=\"text-align: center;\">Camping du Lac :<br \/>\n&#8220;centraal&#8221;\u00a0 gelegen, temidden van de bekendste sites<br \/>\nvan de Hoge Pyrenee\u00ebn.<\/h3>\n<p>&nbsp;<\/p>\n<p><strong>Onze camping ligt in het midden van -vijf &#8211; dalen van waaruit tochten gemaakt kunnen worden naar de mooiste plaatsen van de Pyrenee\u00ebn.<\/strong><\/p>\n<p>Een ideaal uitgangspunt voor wandel- en fietstochten naar :<\/p>\n<ul>\n<li>Het mythische &#8220;Circus van\u00a0Gavarnie&#8221; (werelderfdeel van Unesco) en het minder bekende &#8220;Circus van Troumouse&#8221;.<\/li>\n<li>Cauterets met de Pont d&#8217;Espagne<\/li>\n<li>Lac de Gaube, een prachtig en\u00a0hoog gelegen toeristisch oord. Zeer mooie wandeling.<\/li>\n<li>De bekendste Cols du Tour de France : Soulor,\u00a0Aubisque, Tourmalet, Aspin en Hautacam.<\/li>\n<\/ul>\n<p style=\"text-align: center;\">Omgeving : klik op de foto&#8217;s hiernaast !<\/p>\n<p>[\/vc_column_text][\/vc_column_inner][vc_column_inner width=&#8221;1\/3&#8243;]<div class=\"wf-container dt-gallery-container dt-photos-shortcode loading-effect-none description-on-hover iso-grid jg-container hover-style-two hover-fade\" data-padding=\"0px\" data-cur-page=\"1\" data-target-height=\"0px\"><div class=\"wf-cell\" data-date=\"2016-07-28T11:47:32+02:00\" data-name=\"Fleurs montagnes des Pyr\u00e9n\u00e9es\" data-post-id=\"2669\">\n<article class=\"post post-2669 attachment type-attachment status-inherit hentry description-off\">\n\n\t\n<div class=\"rollover-project links-hovers-disabled\">\n\n\t<a href=\"https:\/\/www.camping-du-lac-pyrenees.com\/wp-content\/uploads\/fleurs.jpg\" class=\"dt-mfp-item mfp-image rollover rollover-zoom\" title=\"Fleurs montagnes des Pyr\u00e9n\u00e9es\" data-dt-img-description=\"\" ><img class=\"preload-me\" srcset=\"https:\/\/www.camping-du-lac-pyrenees.com\/wp-content\/uploads\/fleurs.jpg 1x, https:\/\/www.camping-du-lac-pyrenees.com\/wp-content\/uploads\/fleurs.jpg 2x\" alt=\"\" width=\"720\" height=\"540\"  \/><\/a>\n\t\n<\/div>\n<\/article>\n\n<\/div><div class=\"wf-cell\" data-date=\"2016-07-28T11:48:44+02:00\" data-name=\"Ballade dans les Pyr\u00e9n\u00e9es\" data-post-id=\"2678\">\n<article class=\"post post-2678 attachment type-attachment status-inherit hentry description-off\">\n\n\t\n<div class=\"rollover-project links-hovers-disabled\">\n\n\t<a href=\"https:\/\/www.camping-du-lac-pyrenees.com\/wp-content\/uploads\/pyrenees-2.jpg\" class=\"dt-mfp-item mfp-image rollover rollover-zoom\" title=\"Ballade dans les Pyr\u00e9n\u00e9es\" data-dt-img-description=\"\" ><img class=\"preload-me\" srcset=\"https:\/\/www.camping-du-lac-pyrenees.com\/wp-content\/uploads\/pyrenees-2.jpg 1x, https:\/\/www.camping-du-lac-pyrenees.com\/wp-content\/uploads\/pyrenees-2.jpg 2x\" alt=\"\" width=\"800\" height=\"600\"  \/><\/a>\n\t\n<\/div>\n<\/article>\n\n<\/div><div class=\"wf-cell\" data-date=\"2016-11-23T15:24:46+01:00\" data-name=\"img_3346\" data-post-id=\"2870\">\n<article class=\"post post-2870 attachment type-attachment status-inherit hentry description-off\">\n\n\t\n<div class=\"rollover-project links-hovers-disabled\">\n\n\t<a href=\"https:\/\/www.camping-du-lac-pyrenees.com\/wp-content\/uploads\/IMG_3346.jpg\" class=\"dt-mfp-item mfp-image rollover rollover-zoom\" title=\"img_3346\" data-dt-img-description=\"\" ><img class=\"preload-me\" srcset=\"https:\/\/www.camping-du-lac-pyrenees.com\/wp-content\/uploads\/IMG_3346.jpg 1x, https:\/\/www.camping-du-lac-pyrenees.com\/wp-content\/uploads\/IMG_3346.jpg 2x\" alt=\"\" width=\"1600\" height=\"1200\"  \/><\/a>\n\t\n<\/div>\n<\/article>\n\n<\/div><div class=\"wf-cell\" data-date=\"2016-07-29T09:35:03+02:00\" data-name=\"Fleurs dans les montagne des Hautes-Pyr\u00e9n\u00e9es\" data-post-id=\"2762\">\n<article class=\"post post-2762 attachment type-attachment status-inherit hentry description-off\">\n\n\t\n<div class=\"rollover-project links-hovers-disabled\">\n\n\t<a href=\"https:\/\/www.camping-du-lac-pyrenees.com\/wp-content\/uploads\/photo_activites4.jpg\" class=\"dt-mfp-item mfp-image rollover rollover-zoom\" title=\"Fleurs dans les montagne des Hautes-Pyr\u00e9n\u00e9es\" data-dt-img-description=\"\" ><img class=\"preload-me\" srcset=\"https:\/\/www.camping-du-lac-pyrenees.com\/wp-content\/uploads\/photo_activites4.jpg 1x, https:\/\/www.camping-du-lac-pyrenees.com\/wp-content\/uploads\/photo_activites4.jpg 2x\" alt=\"\" width=\"720\" height=\"540\"  \/><\/a>\n\t\n<\/div>\n<\/article>\n\n<\/div><div class=\"wf-cell\" data-date=\"2020-04-27T17:03:38+02:00\" data-name=\"pic madres\" data-post-id=\"3760\">\n<article class=\"post post-3760 attachment type-attachment status-inherit hentry description-off\">\n\n\t\n<div class=\"rollover-project links-hovers-disabled\">\n\n\t<a href=\"https:\/\/www.camping-du-lac-pyrenees.com\/wp-content\/uploads\/pic-madres.jpg\" class=\"dt-mfp-item mfp-image rollover rollover-zoom\" title=\"pic madres\" data-dt-img-description=\"\" ><img class=\"preload-me\" srcset=\"https:\/\/www.camping-du-lac-pyrenees.com\/wp-content\/uploads\/pic-madres.jpg 1x, https:\/\/www.camping-du-lac-pyrenees.com\/wp-content\/uploads\/pic-madres.jpg 2x\" alt=\"\" width=\"960\" height=\"642\"  \/><\/a>\n\t\n<\/div>\n<\/article>\n\n<\/div><div class=\"wf-cell\" data-date=\"2018-11-18T10:52:49+01:00\" data-name=\"gaube6\" data-post-id=\"3098\">\n<article class=\"post post-3098 attachment type-attachment status-inherit hentry description-off\">\n\n\t\n<div class=\"rollover-project links-hovers-disabled\">\n\n\t<a href=\"https:\/\/www.camping-du-lac-pyrenees.com\/wp-content\/uploads\/gaube6.jpg\" class=\"dt-mfp-item mfp-image rollover rollover-zoom\" title=\"gaube6\" data-dt-img-description=\"\" ><img class=\"preload-me\" srcset=\"https:\/\/www.camping-du-lac-pyrenees.com\/wp-content\/uploads\/gaube6.jpg 1x, https:\/\/www.camping-du-lac-pyrenees.com\/wp-content\/uploads\/gaube6.jpg 2x\" alt=\"\" width=\"960\" height=\"509\"  \/><\/a>\n\t\n<\/div>\n<\/article>\n\n<\/div><div class=\"wf-cell\" data-date=\"2020-04-27T17:02:07+02:00\" data-name=\"face b 2017\" data-post-id=\"3744\">\n<article class=\"post post-3744 attachment type-attachment status-inherit hentry description-off\">\n\n\t\n<div class=\"rollover-project links-hovers-disabled\">\n\n\t<a href=\"https:\/\/www.camping-du-lac-pyrenees.com\/wp-content\/uploads\/face-b-2017.jpg\" class=\"dt-mfp-item mfp-image rollover rollover-zoom\" title=\"face b 2017\" data-dt-img-description=\"\" ><img class=\"preload-me\" srcset=\"https:\/\/www.camping-du-lac-pyrenees.com\/wp-content\/uploads\/face-b-2017.jpg 1x, https:\/\/www.camping-du-lac-pyrenees.com\/wp-content\/uploads\/face-b-2017.jpg 2x\" alt=\"\" width=\"476\" height=\"714\"  \/><\/a>\n\t\n<\/div>\n<\/article>\n\n<\/div><div class=\"wf-cell\" data-date=\"2018-11-16T11:11:32+01:00\" data-name=\"aubisque\" data-post-id=\"3074\">\n<article class=\"post post-3074 attachment type-attachment status-inherit hentry description-off\">\n\n\t\n<div class=\"rollover-project links-hovers-disabled\">\n\n\t<a href=\"https:\/\/www.camping-du-lac-pyrenees.com\/wp-content\/uploads\/aubisque.jpg\" class=\"dt-mfp-item mfp-image rollover rollover-zoom\" title=\"aubisque\" data-dt-img-description=\"\" ><img class=\"preload-me\" srcset=\"https:\/\/www.camping-du-lac-pyrenees.com\/wp-content\/uploads\/aubisque.jpg 1x, https:\/\/www.camping-du-lac-pyrenees.com\/wp-content\/uploads\/aubisque.jpg 2x\" alt=\"\" width=\"575\" height=\"768\"  \/><\/a>\n\t\n<\/div>\n<\/article>\n\n<\/div><\/div>[\/vc_column_inner][\/vc_row_inner][vc_empty_space height=&#8221;20px&#8221;]<div class=\"hr-thin style-line\" style=\"width: 100%;\"><\/div>[vc_empty_space height=&#8221;20px&#8221;][\/vc_column][\/vc_row][vc_row][vc_column el_class=&#8221;emp-gal&#8221;]<div class=\"wf-container dt-gallery-container dt-photos-shortcode loading-effect-none description-on-hover iso-grid jg-container hover-style-two hover-fade\" data-padding=\"0px\" data-cur-page=\"1\" data-target-height=\"0px\"><div class=\"wf-cell\" data-date=\"2017-06-17T15:28:29+02:00\" data-name=\"piscine2017\" data-post-id=\"2909\">\n<article class=\"post post-2909 attachment type-attachment status-inherit hentry description-off\">\n\n\t\n<div class=\"rollover-project links-hovers-disabled\">\n\n\t<a href=\"https:\/\/www.camping-du-lac-pyrenees.com\/wp-content\/uploads\/piscine2017.jpg\" class=\"dt-mfp-item mfp-image rollover rollover-zoom\" title=\"piscine2017\" data-dt-img-description=\"\" ><img class=\"preload-me\" srcset=\"https:\/\/www.camping-du-lac-pyrenees.com\/wp-content\/uploads\/piscine2017.jpg 1x, https:\/\/www.camping-du-lac-pyrenees.com\/wp-content\/uploads\/piscine2017.jpg 2x\" alt=\"\" width=\"1758\" height=\"1080\"  \/><\/a>\n\t\n<\/div>\n<\/article>\n\n<\/div><div class=\"wf-cell\" data-date=\"2016-07-26T09:58:21+02:00\" data-name=\"Emplacement tentes Camping du Lac Argel\u00e8s-Gazost\" data-post-id=\"2609\">\n<article class=\"post post-2609 attachment type-attachment status-inherit hentry description-off\">\n\n\t\n<div class=\"rollover-project links-hovers-disabled\">\n\n\t<a href=\"https:\/\/www.camping-du-lac-pyrenees.com\/wp-content\/uploads\/tentes.jpg\" class=\"dt-mfp-item mfp-image rollover rollover-zoom\" title=\"Emplacement tentes Camping du Lac Argel\u00e8s-Gazost\" data-dt-img-description=\"\" ><img class=\"preload-me\" srcset=\"https:\/\/www.camping-du-lac-pyrenees.com\/wp-content\/uploads\/tentes.jpg 1x, https:\/\/www.camping-du-lac-pyrenees.com\/wp-content\/uploads\/tentes.jpg 2x\" alt=\"\" width=\"2000\" height=\"1500\"  \/><\/a>\n\t\n<\/div>\n<\/article>\n\n<\/div><div class=\"wf-cell\" data-date=\"2016-07-25T15:18:03+02:00\" data-name=\"Vue sur le lac depuis le Camping du Lac \u00e0 Argel\u00e8s-Gazost dans les Hautes-Pyr\u00e9n\u00e9es\" data-post-id=\"2582\">\n<article class=\"post post-2582 attachment type-attachment status-inherit hentry description-off\">\n\n\t\n<div class=\"rollover-project links-hovers-disabled\">\n\n\t<a href=\"https:\/\/www.camping-du-lac-pyrenees.com\/wp-content\/uploads\/vue-lac.jpg\" class=\"dt-mfp-item mfp-image rollover rollover-zoom\" title=\"Vue sur le lac depuis le Camping du Lac \u00e0 Argel\u00e8s-Gazost dans les Hautes-Pyr\u00e9n\u00e9es\" data-dt-img-description=\"\" ><img class=\"preload-me\" srcset=\"https:\/\/www.camping-du-lac-pyrenees.com\/wp-content\/uploads\/vue-lac.jpg 1x, https:\/\/www.camping-du-lac-pyrenees.com\/wp-content\/uploads\/vue-lac.jpg 2x\" alt=\"\" width=\"2000\" height=\"1500\"  \/><\/a>\n\t\n<\/div>\n<\/article>\n\n<\/div><div class=\"wf-cell\" data-date=\"2016-07-28T11:53:46+02:00\" data-name=\"Emplacements Caravanes au Camping du Lac Argel\u00e8s-Gazost\" data-post-id=\"2681\">\n<article class=\"post post-2681 attachment type-attachment status-inherit hentry description-off\">\n\n\t\n<div class=\"rollover-project links-hovers-disabled\">\n\n\t<a href=\"https:\/\/www.camping-du-lac-pyrenees.com\/wp-content\/uploads\/102_0208.jpg\" class=\"dt-mfp-item mfp-image rollover rollover-zoom\" title=\"Emplacements Caravanes au Camping du Lac Argel\u00e8s-Gazost\" data-dt-img-description=\"\" ><img class=\"preload-me\" srcset=\"https:\/\/www.camping-du-lac-pyrenees.com\/wp-content\/uploads\/102_0208.jpg 1x, https:\/\/www.camping-du-lac-pyrenees.com\/wp-content\/uploads\/102_0208.jpg 2x\" alt=\"\" width=\"2048\" height=\"1536\"  \/><\/a>\n\t\n<\/div>\n<\/article>\n\n<\/div><\/div>[\/vc_column][\/vc_row]<\/p>\n<\/div>","protected":false},"excerpt":{"rendered":"<p>[vc_row margin_bottom=&#8221;20&#8243;][vc_column el_class=&#8221;box_camdulac&#8221;][vc_column_text] Camping in de Pyrenee\u00ebn [\/vc_column_text][vc_empty_space height=&#8221;20px&#8221;][vc_row_inner][vc_column_inner width=&#8221;1\/3&#8243;][vc_column_text] Klik de foto&#8217;s om te vergroten[\/vc_column_text][\/vc_column_inner][vc_column_inner width=&#8221;2\/3&#8243;][vc_column_text] Leven als God in Frankrijk dat willen we toch allemaal ! &nbsp; Onze familiecamping ligt vlakbij een\u00a0 kuntsmatig meer = u kunt kennis maken met het vissen met onze gids &#8221; Cl\u00e9ment&#8221; (verboden te zwemmen) De camping ligt&hellip;<\/p>\n","protected":false},"author":1,"featured_media":0,"parent":0,"menu_order":0,"comment_status":"closed","ping_status":"closed","template":"","meta":{"footnotes":""},"class_list":["post-726","page","type-page","status-publish","hentry","description-off"],"yoast_head":"<!-- This site is optimized with the Yoast SEO plugin v24.5 - https:\/\/yoast.com\/wordpress\/plugins\/seo\/ -->\n<title>Camping frankrijk pyreneeen zwembad - Camping du lac Argel\u00e8s-Gazost<\/title>\n<meta name=\"description\" content=\"Camping frankrijk pyreneeen zwembad. Een heerlijke en ontspannen vakantie in een sprookjesachtig kaderin het hartje van de Pyrenee\u00ebn.\" \/>\n<meta name=\"robots\" content=\"index, follow, max-snippet:-1, max-image-preview:large, max-video-preview:-1\" \/>\n<link rel=\"canonical\" href=\"https:\/\/www.camping-du-lac-pyrenees.com\/nl\/camping-frankrijk-pyreneeen-zwembad\/\" \/>\n<meta property=\"og:locale\" content=\"nl_NL\" \/>\n<meta property=\"og:type\" content=\"article\" \/>\n<meta property=\"og:title\" content=\"Camping frankrijk pyreneeen zwembad - Camping du lac Argel\u00e8s-Gazost\" \/>\n<meta property=\"og:description\" content=\"Camping frankrijk pyreneeen zwembad. Een heerlijke en ontspannen vakantie in een sprookjesachtig kaderin het hartje van de Pyrenee\u00ebn.\" \/>\n<meta property=\"og:url\" content=\"https:\/\/www.camping-du-lac-pyrenees.com\/nl\/camping-frankrijk-pyreneeen-zwembad\/\" \/>\n<meta property=\"og:site_name\" content=\"Camping du lac Argel\u00e8s-Gazost\" \/>\n<meta property=\"article:modified_time\" content=\"2025-07-24T12:40:31+00:00\" \/>\n<meta property=\"og:image\" content=\"https:\/\/www.camping-du-lac-pyrenees.com\/wp-content\/uploads\/69.2.jpg\" \/>\n\t<meta property=\"og:image:width\" content=\"1024\" \/>\n\t<meta property=\"og:image:height\" content=\"576\" \/>\n\t<meta property=\"og:image:type\" content=\"image\/jpeg\" \/>\n<meta name=\"twitter:card\" content=\"summary_large_image\" \/>\n<meta name=\"twitter:label1\" content=\"Geschatte leestijd\" \/>\n\t<meta name=\"twitter:data1\" content=\"7 minuten\" \/>\n<script type=\"application\/ld+json\" class=\"yoast-schema-graph\">{\"@context\":\"https:\/\/schema.org\",\"@graph\":[{\"@type\":\"WebPage\",\"@id\":\"https:\/\/www.camping-du-lac-pyrenees.com\/nl\/camping-frankrijk-pyreneeen-zwembad\/\",\"url\":\"https:\/\/www.camping-du-lac-pyrenees.com\/nl\/camping-frankrijk-pyreneeen-zwembad\/\",\"name\":\"Camping frankrijk pyreneeen zwembad - Camping du lac Argel\u00e8s-Gazost\",\"isPartOf\":{\"@id\":\"https:\/\/www.camping-du-lac-pyrenees.com\/#website\"},\"primaryImageOfPage\":{\"@id\":\"https:\/\/www.camping-du-lac-pyrenees.com\/nl\/camping-frankrijk-pyreneeen-zwembad\/#primaryimage\"},\"image\":{\"@id\":\"https:\/\/www.camping-du-lac-pyrenees.com\/nl\/camping-frankrijk-pyreneeen-zwembad\/#primaryimage\"},\"thumbnailUrl\":\"https:\/\/www.camping-du-lac-pyrenees.com\/wp-content\/uploads\/69.2.jpg\",\"datePublished\":\"2016-08-02T12:51:52+00:00\",\"dateModified\":\"2025-07-24T12:40:31+00:00\",\"description\":\"Camping frankrijk pyreneeen zwembad. Een heerlijke en ontspannen vakantie in een sprookjesachtig kaderin het hartje van de Pyrenee\u00ebn.\",\"breadcrumb\":{\"@id\":\"https:\/\/www.camping-du-lac-pyrenees.com\/nl\/camping-frankrijk-pyreneeen-zwembad\/#breadcrumb\"},\"inLanguage\":\"nl-NL\",\"potentialAction\":[{\"@type\":\"ReadAction\",\"target\":[\"https:\/\/www.camping-du-lac-pyrenees.com\/nl\/camping-frankrijk-pyreneeen-zwembad\/\"]}]},{\"@type\":\"ImageObject\",\"inLanguage\":\"nl-NL\",\"@id\":\"https:\/\/www.camping-du-lac-pyrenees.com\/nl\/camping-frankrijk-pyreneeen-zwembad\/#primaryimage\",\"url\":\"https:\/\/www.camping-du-lac-pyrenees.com\/wp-content\/uploads\/69.2.jpg\",\"contentUrl\":\"https:\/\/www.camping-du-lac-pyrenees.com\/wp-content\/uploads\/69.2.jpg\"},{\"@type\":\"BreadcrumbList\",\"@id\":\"https:\/\/www.camping-du-lac-pyrenees.com\/nl\/camping-frankrijk-pyreneeen-zwembad\/#breadcrumb\",\"itemListElement\":[{\"@type\":\"ListItem\",\"position\":1,\"name\":\"Accueil\",\"item\":\"https:\/\/www.camping-du-lac-pyrenees.com\/nl\/\"},{\"@type\":\"ListItem\",\"position\":2,\"name\":\"Kampeerplaatsen\"}]},{\"@type\":\"WebSite\",\"@id\":\"https:\/\/www.camping-du-lac-pyrenees.com\/#website\",\"url\":\"https:\/\/www.camping-du-lac-pyrenees.com\/\",\"name\":\"Camping du lac Argel\u00e8s-Gazost\",\"description\":\"Hautes-Pyr\u00e9n\u00e9es\",\"potentialAction\":[{\"@type\":\"SearchAction\",\"target\":{\"@type\":\"EntryPoint\",\"urlTemplate\":\"https:\/\/www.camping-du-lac-pyrenees.com\/?s={search_term_string}\"},\"query-input\":{\"@type\":\"PropertyValueSpecification\",\"valueRequired\":true,\"valueName\":\"search_term_string\"}}],\"inLanguage\":\"nl-NL\"}]}<\/script>\n<!-- \/ Yoast SEO plugin. -->","yoast_head_json":{"title":"Camping frankrijk pyreneeen zwembad - Camping du lac Argel\u00e8s-Gazost","description":"Camping frankrijk pyreneeen zwembad. Een heerlijke en ontspannen vakantie in een sprookjesachtig kaderin het hartje van de Pyrenee\u00ebn.","robots":{"index":"index","follow":"follow","max-snippet":"max-snippet:-1","max-image-preview":"max-image-preview:large","max-video-preview":"max-video-preview:-1"},"canonical":"https:\/\/www.camping-du-lac-pyrenees.com\/nl\/camping-frankrijk-pyreneeen-zwembad\/","og_locale":"nl_NL","og_type":"article","og_title":"Camping frankrijk pyreneeen zwembad - Camping du lac Argel\u00e8s-Gazost","og_description":"Camping frankrijk pyreneeen zwembad. Een heerlijke en ontspannen vakantie in een sprookjesachtig kaderin het hartje van de Pyrenee\u00ebn.","og_url":"https:\/\/www.camping-du-lac-pyrenees.com\/nl\/camping-frankrijk-pyreneeen-zwembad\/","og_site_name":"Camping du lac Argel\u00e8s-Gazost","article_modified_time":"2025-07-24T12:40:31+00:00","og_image":[{"url":"https:\/\/www.camping-du-lac-pyrenees.com\/wp-content\/uploads\/69.2.jpg","width":1024,"height":576,"type":"image\/jpeg"}],"twitter_card":"summary_large_image","twitter_misc":{"Geschatte leestijd":"7 minuten"},"schema":{"@context":"https:\/\/schema.org","@graph":[{"@type":"WebPage","@id":"https:\/\/www.camping-du-lac-pyrenees.com\/nl\/camping-frankrijk-pyreneeen-zwembad\/","url":"https:\/\/www.camping-du-lac-pyrenees.com\/nl\/camping-frankrijk-pyreneeen-zwembad\/","name":"Camping frankrijk pyreneeen zwembad - Camping du lac Argel\u00e8s-Gazost","isPartOf":{"@id":"https:\/\/www.camping-du-lac-pyrenees.com\/#website"},"primaryImageOfPage":{"@id":"https:\/\/www.camping-du-lac-pyrenees.com\/nl\/camping-frankrijk-pyreneeen-zwembad\/#primaryimage"},"image":{"@id":"https:\/\/www.camping-du-lac-pyrenees.com\/nl\/camping-frankrijk-pyreneeen-zwembad\/#primaryimage"},"thumbnailUrl":"https:\/\/www.camping-du-lac-pyrenees.com\/wp-content\/uploads\/69.2.jpg","datePublished":"2016-08-02T12:51:52+00:00","dateModified":"2025-07-24T12:40:31+00:00","description":"Camping frankrijk pyreneeen zwembad. Een heerlijke en ontspannen vakantie in een sprookjesachtig kaderin het hartje van de Pyrenee\u00ebn.","breadcrumb":{"@id":"https:\/\/www.camping-du-lac-pyrenees.com\/nl\/camping-frankrijk-pyreneeen-zwembad\/#breadcrumb"},"inLanguage":"nl-NL","potentialAction":[{"@type":"ReadAction","target":["https:\/\/www.camping-du-lac-pyrenees.com\/nl\/camping-frankrijk-pyreneeen-zwembad\/"]}]},{"@type":"ImageObject","inLanguage":"nl-NL","@id":"https:\/\/www.camping-du-lac-pyrenees.com\/nl\/camping-frankrijk-pyreneeen-zwembad\/#primaryimage","url":"https:\/\/www.camping-du-lac-pyrenees.com\/wp-content\/uploads\/69.2.jpg","contentUrl":"https:\/\/www.camping-du-lac-pyrenees.com\/wp-content\/uploads\/69.2.jpg"},{"@type":"BreadcrumbList","@id":"https:\/\/www.camping-du-lac-pyrenees.com\/nl\/camping-frankrijk-pyreneeen-zwembad\/#breadcrumb","itemListElement":[{"@type":"ListItem","position":1,"name":"Accueil","item":"https:\/\/www.camping-du-lac-pyrenees.com\/nl\/"},{"@type":"ListItem","position":2,"name":"Kampeerplaatsen"}]},{"@type":"WebSite","@id":"https:\/\/www.camping-du-lac-pyrenees.com\/#website","url":"https:\/\/www.camping-du-lac-pyrenees.com\/","name":"Camping du lac Argel\u00e8s-Gazost","description":"Hautes-Pyr\u00e9n\u00e9es","potentialAction":[{"@type":"SearchAction","target":{"@type":"EntryPoint","urlTemplate":"https:\/\/www.camping-du-lac-pyrenees.com\/?s={search_term_string}"},"query-input":{"@type":"PropertyValueSpecification","valueRequired":true,"valueName":"search_term_string"}}],"inLanguage":"nl-NL"}]}},"_links":{"self":[{"href":"https:\/\/www.camping-du-lac-pyrenees.com\/nl\/wp-json\/wp\/v2\/pages\/726","targetHints":{"allow":["GET"]}}],"collection":[{"href":"https:\/\/www.camping-du-lac-pyrenees.com\/nl\/wp-json\/wp\/v2\/pages"}],"about":[{"href":"https:\/\/www.camping-du-lac-pyrenees.com\/nl\/wp-json\/wp\/v2\/types\/page"}],"author":[{"embeddable":true,"href":"https:\/\/www.camping-du-lac-pyrenees.com\/nl\/wp-json\/wp\/v2\/users\/1"}],"replies":[{"embeddable":true,"href":"https:\/\/www.camping-du-lac-pyrenees.com\/nl\/wp-json\/wp\/v2\/comments?post=726"}],"version-history":[{"count":216,"href":"https:\/\/www.camping-du-lac-pyrenees.com\/nl\/wp-json\/wp\/v2\/pages\/726\/revisions"}],"predecessor-version":[{"id":6195,"href":"https:\/\/www.camping-du-lac-pyrenees.com\/nl\/wp-json\/wp\/v2\/pages\/726\/revisions\/6195"}],"wp:attachment":[{"href":"https:\/\/www.camping-du-lac-pyrenees.com\/nl\/wp-json\/wp\/v2\/media?parent=726"}],"curies":[{"name":"wp","href":"https:\/\/api.w.org\/{rel}","templated":true}]}}