{"id":776,"date":"2016-08-02T15:17:56","date_gmt":"2016-08-02T13:17:56","guid":{"rendered":"http:\/\/camdulac.novae-developpement.com\/nl\/?page_id=776"},"modified":"2025-08-23T08:48:36","modified_gmt":"2025-08-23T06:48:36","slug":"chalets","status":"publish","type":"page","link":"https:\/\/www.camping-du-lac-pyrenees.com\/nl\/chalets\/","title":{"rendered":"Chalets"},"content":{"rendered":"<div class=\"wpb-content-wrapper\"><p>[vc_row][vc_column el_class=&#8221;box_camdulac&#8221;][vc_column_text]<\/p>\n<h1>Chalets Franse Pyrenee\u00ebn<\/h1>\n<p>[\/vc_column_text][vc_empty_space height=&#8221;20px&#8221;][vc_row_inner][vc_column_inner width=&#8221;1\/3&#8243;][vc_column_text]<\/p>\n<p class=\"align-center\"><b>Camping du Lac verhuurt vakantiechalets\u00a0<\/b><b>in het hart van de Pyrenee\u00ebn !<\/b><\/p>\n<p>Ze hebben een uitzicht op<\/p>\n<ul>\n<li>een\u00a0 kuntsmatig meer om te vissen : u kunt kennis makenmet het vissen met onze gids\u00a0 \u00a0\u201d Cl\u00e9ment\u201d(verboden te zwemmen)<\/li>\n<\/ul>\n<p>&nbsp;<\/p>\n<ul>\n<li>of fraaie uitzcihten op de bergen !\u00a0Geniet bij ons van de zuivere berglucht, de rust, de natuurpracht\u2026<\/li>\n<li>Gratis wifi in de chalet<\/li>\n<\/ul>\n<p>[\/vc_column_text][\/vc_column_inner][vc_column_inner width=&#8221;2\/3&#8243;]<div class=\"wf-container dt-gallery-container dt-photos-shortcode loading-effect-none description-on-hover iso-grid jg-container hover-style-two hover-fade\" data-padding=\"0px\" data-cur-page=\"1\" data-target-height=\"0px\"><div class=\"wf-cell\" data-date=\"2020-09-02T11:34:34+02:00\" data-name=\"Capture2021\" data-post-id=\"4213\">\n<article class=\"post post-4213 attachment type-attachment status-inherit hentry description-off\">\n\n\t\n<div class=\"rollover-project links-hovers-disabled\">\n\n\t<a href=\"https:\/\/www.camping-du-lac-pyrenees.com\/wp-content\/uploads\/Capture2021.jpg\" class=\"dt-mfp-item mfp-image rollover rollover-zoom\" title=\"Capture2021\" data-dt-img-description=\"\" ><img class=\"preload-me\" srcset=\"https:\/\/www.camping-du-lac-pyrenees.com\/wp-content\/uploads\/Capture2021.jpg 1x, https:\/\/www.camping-du-lac-pyrenees.com\/wp-content\/uploads\/Capture2021.jpg 2x\" alt=\"\" width=\"1145\" height=\"596\"  \/><\/a>\n\t\n<\/div>\n<\/article>\n\n<\/div><div class=\"wf-cell\" data-date=\"2021-07-14T20:02:45+02:00\" data-name=\"capture\" data-post-id=\"5134\">\n<article class=\"post post-5134 attachment type-attachment status-inherit hentry description-off\">\n\n\t\n<div class=\"rollover-project links-hovers-disabled\">\n\n\t<a href=\"https:\/\/www.camping-du-lac-pyrenees.com\/wp-content\/uploads\/capture.jpg\" class=\"dt-mfp-item mfp-image rollover rollover-zoom\" title=\"capture\" data-dt-img-description=\"\" ><img class=\"preload-me\" srcset=\"https:\/\/www.camping-du-lac-pyrenees.com\/wp-content\/uploads\/capture.jpg 1x, https:\/\/www.camping-du-lac-pyrenees.com\/wp-content\/uploads\/capture.jpg 2x\" alt=\"piscine camping Argel\u00e8s-Gazost\" width=\"1110\" height=\"576\"  \/><\/a>\n\t\n<\/div>\n<\/article>\n\n<\/div><div class=\"wf-cell\" data-date=\"2016-07-25T13:48:00+02:00\" data-name=\"Chalet vue sur le lac Argel\u00e8s-Gazost\" data-post-id=\"2570\">\n<article class=\"post post-2570 attachment type-attachment status-inherit hentry description-off\">\n\n\t\n<div class=\"rollover-project links-hovers-disabled\">\n\n\t<a href=\"https:\/\/www.camping-du-lac-pyrenees.com\/wp-content\/uploads\/chalet-vue-lac.jpg\" class=\"dt-mfp-item mfp-image rollover rollover-zoom\" title=\"Chalet vue sur le lac Argel\u00e8s-Gazost\" data-dt-img-description=\"\" ><img class=\"preload-me\" srcset=\"https:\/\/www.camping-du-lac-pyrenees.com\/wp-content\/uploads\/chalet-vue-lac.jpg 1x, https:\/\/www.camping-du-lac-pyrenees.com\/wp-content\/uploads\/chalet-vue-lac.jpg 2x\" alt=\"\" width=\"2000\" height=\"1500\"  \/><\/a>\n\t\n<\/div>\n<\/article>\n\n<\/div><div class=\"wf-cell\" data-date=\"2020-11-04T13:47:08+01:00\" data-name=\"cadrelac21\" data-post-id=\"4372\">\n<article class=\"post post-4372 attachment type-attachment status-inherit hentry description-off\">\n\n\t\n<div class=\"rollover-project links-hovers-disabled\">\n\n\t<a href=\"https:\/\/www.camping-du-lac-pyrenees.com\/wp-content\/uploads\/cadrelac21.jpg\" class=\"dt-mfp-item mfp-image rollover rollover-zoom\" title=\"cadrelac21\" data-dt-img-description=\"\" ><img class=\"preload-me\" srcset=\"https:\/\/www.camping-du-lac-pyrenees.com\/wp-content\/uploads\/cadrelac21.jpg 1x, https:\/\/www.camping-du-lac-pyrenees.com\/wp-content\/uploads\/cadrelac21.jpg 2x\" alt=\"\" width=\"1194\" height=\"846\"  \/><\/a>\n\t\n<\/div>\n<\/article>\n\n<\/div><div class=\"wf-cell\" data-date=\"2020-09-02T14:23:33+02:00\" data-name=\"chalet15\" data-post-id=\"4231\">\n<article class=\"post post-4231 attachment type-attachment status-inherit hentry description-off\">\n\n\t\n<div class=\"rollover-project links-hovers-disabled\">\n\n\t<a href=\"https:\/\/www.camping-du-lac-pyrenees.com\/wp-content\/uploads\/chalet15.jpg\" class=\"dt-mfp-item mfp-image rollover rollover-zoom\" title=\"chalet15\" data-dt-img-description=\"\" ><img class=\"preload-me\" srcset=\"https:\/\/www.camping-du-lac-pyrenees.com\/wp-content\/uploads\/chalet15.jpg 1x, https:\/\/www.camping-du-lac-pyrenees.com\/wp-content\/uploads\/chalet15.jpg 2x\" alt=\"\" width=\"1245\" height=\"700\"  \/><\/a>\n\t\n<\/div>\n<\/article>\n\n<\/div><div class=\"wf-cell\" data-date=\"2021-02-04T09:52:50+01:00\" data-name=\"clement1\" data-post-id=\"4726\">\n<article class=\"post post-4726 attachment type-attachment status-inherit hentry description-off\">\n\n\t\n<div class=\"rollover-project links-hovers-disabled\">\n\n\t<a href=\"https:\/\/www.camping-du-lac-pyrenees.com\/wp-content\/uploads\/clement1.jpg\" class=\"dt-mfp-item mfp-image rollover rollover-zoom\" title=\"clement1\" data-dt-img-description=\"\" ><img class=\"preload-me\" srcset=\"https:\/\/www.camping-du-lac-pyrenees.com\/wp-content\/uploads\/clement1.jpg 1x, https:\/\/www.camping-du-lac-pyrenees.com\/wp-content\/uploads\/clement1.jpg 2x\" alt=\"\" width=\"956\" height=\"959\"  \/><\/a>\n\t\n<\/div>\n<\/article>\n\n<\/div><div class=\"wf-cell\" data-date=\"2020-12-11T10:58:17+01:00\" data-name=\"Capture\" data-post-id=\"4640\">\n<article class=\"post post-4640 attachment type-attachment status-inherit hentry description-off\">\n\n\t\n<div class=\"rollover-project links-hovers-disabled\">\n\n\t<a href=\"https:\/\/www.camping-du-lac-pyrenees.com\/wp-content\/uploads\/Capture.jpg\" class=\"dt-mfp-item mfp-image rollover rollover-zoom\" title=\"Capture\" data-dt-img-description=\"\" ><img class=\"preload-me\" srcset=\"https:\/\/www.camping-du-lac-pyrenees.com\/wp-content\/uploads\/Capture.jpg 1x, https:\/\/www.camping-du-lac-pyrenees.com\/wp-content\/uploads\/Capture.jpg 2x\" alt=\"\" width=\"1411\" height=\"804\"  \/><\/a>\n\t\n<\/div>\n<\/article>\n\n<\/div><div class=\"wf-cell\" data-date=\"2021-06-17T14:50:12+02:00\" data-name=\"plan2021CPMR1\" data-post-id=\"5048\">\n<article class=\"post post-5048 attachment type-attachment status-inherit hentry description-off\">\n\n\t\n<div class=\"rollover-project links-hovers-disabled\">\n\n\t<a href=\"https:\/\/www.camping-du-lac-pyrenees.com\/wp-content\/uploads\/plan2021CPMR1.jpg\" class=\"dt-mfp-item mfp-image rollover rollover-zoom\" title=\"plan2021CPMR1\" data-dt-img-description=\"\" ><img class=\"preload-me\" srcset=\"https:\/\/www.camping-du-lac-pyrenees.com\/wp-content\/uploads\/plan2021CPMR1.jpg 1x, https:\/\/www.camping-du-lac-pyrenees.com\/wp-content\/uploads\/plan2021CPMR1.jpg 2x\" alt=\"\" width=\"949\" height=\"679\"  \/><\/a>\n\t\n<\/div>\n<\/article>\n\n<\/div><\/div>[vc_column_text]<\/p>\n<p><strong>Klik de foto&#8217;s\u00a0<\/strong>[\/vc_column_text][\/vc_column_inner][\/vc_row_inner][vc_empty_space height=&#8221;20px&#8221;]<div class=\"hr-thin style-line\" style=\"width: 100%;\"><\/div>[vc_empty_space height=&#8221;20px&#8221;][vc_row_inner][vc_column_inner width=&#8221;2\/3&#8243;][vc_column_text]<\/p>\n<p style=\"text-align: justify;\"><b>Gezellig ingerichte houten chalet woningen<\/b><\/p>\n<p>Onze chalets, voor 4\/ 5 personen, maximum beschikken allemaal over modern comfort en omvatten :<\/p>\n<ul>\n<li>woonkamer<\/li>\n<li>2 slaapkamers ( een tweepersoonsbed,\u00a0\u00a02 of 3\u00a0 eenpersoonsbedden)<\/li>\n<li>keuken<\/li>\n<li>badkamer en afzonderlijk toilet<\/li>\n<li>overdekt terras met tuinmeubelen<\/li>\n<\/ul>\n<p>Maar bovenal geniet van uw vakantie in het rustige omgeving ; wij verzekeren \u201cvolledige\u201d stilte na 23 uur voor een optimale nachtrust van onze klanten.<\/p>\n<p><img loading=\"lazy\" decoding=\"async\" class=\"wp-image-2648 aligncenter\" src=\"https:\/\/www.camping-du-lac-pyrenees.com\/wp-content\/uploads\/image_silence.jpg\" alt=\"\" width=\"73\" height=\"76\" \/><\/p>\n<p>[\/vc_column_text][\/vc_column_inner][vc_column_inner width=&#8221;1\/3&#8243;]<div class=\"wf-container dt-gallery-container dt-photos-shortcode loading-effect-none description-on-hover iso-grid jg-container hover-style-two hover-fade\" data-padding=\"0px\" data-cur-page=\"1\" data-target-height=\"0px\"><div class=\"wf-cell\" data-date=\"2017-06-17T15:28:29+02:00\" data-name=\"piscine2017\" data-post-id=\"2909\">\n<article class=\"post post-2909 attachment type-attachment status-inherit hentry description-off\">\n\n\t\n<div class=\"rollover-project links-hovers-disabled\">\n\n\t<a href=\"https:\/\/www.camping-du-lac-pyrenees.com\/wp-content\/uploads\/piscine2017.jpg\" class=\"dt-mfp-item mfp-image rollover rollover-zoom\" title=\"piscine2017\" data-dt-img-description=\"\" ><img class=\"preload-me\" srcset=\"https:\/\/www.camping-du-lac-pyrenees.com\/wp-content\/uploads\/piscine2017.jpg 1x, https:\/\/www.camping-du-lac-pyrenees.com\/wp-content\/uploads\/piscine2017.jpg 2x\" alt=\"\" width=\"1758\" height=\"1080\"  \/><\/a>\n\t\n<\/div>\n<\/article>\n\n<\/div><div class=\"wf-cell\" data-date=\"2018-03-29T15:08:41+02:00\" data-name=\"SAMSUNG\" data-post-id=\"2987\">\n<article class=\"post post-2987 attachment type-attachment status-inherit hentry description-off\">\n\n\t\n<div class=\"rollover-project links-hovers-disabled\">\n\n\t<a href=\"https:\/\/www.camping-du-lac-pyrenees.com\/wp-content\/uploads\/R11.jpg\" class=\"dt-mfp-item mfp-image rollover rollover-zoom\" title=\"SAMSUNG\" data-dt-img-description=\"\" ><img class=\"preload-me\" srcset=\"https:\/\/www.camping-du-lac-pyrenees.com\/wp-content\/uploads\/R11.jpg 1x, https:\/\/www.camping-du-lac-pyrenees.com\/wp-content\/uploads\/R11.jpg 2x\" alt=\"\" width=\"2560\" height=\"1920\"  \/><\/a>\n\t\n<\/div>\n<\/article>\n\n<\/div><div class=\"wf-cell\" data-date=\"2016-07-28T17:04:59+02:00\" data-name=\"Chalet Camping du Lac Argel\u00e8s-Gazost\" data-post-id=\"2702\">\n<article class=\"post post-2702 attachment type-attachment status-inherit hentry description-off\">\n\n\t\n<div class=\"rollover-project links-hovers-disabled\">\n\n\t<a href=\"https:\/\/www.camping-du-lac-pyrenees.com\/wp-content\/uploads\/photo_chalets4.jpg\" class=\"dt-mfp-item mfp-image rollover rollover-zoom\" title=\"Chalet Camping du Lac Argel\u00e8s-Gazost\" data-dt-img-description=\"\" ><img class=\"preload-me\" srcset=\"https:\/\/www.camping-du-lac-pyrenees.com\/wp-content\/uploads\/photo_chalets4.jpg 1x, https:\/\/www.camping-du-lac-pyrenees.com\/wp-content\/uploads\/photo_chalets4.jpg 2x\" alt=\"\" width=\"2000\" height=\"1499\"  \/><\/a>\n\t\n<\/div>\n<\/article>\n\n<\/div><div class=\"wf-cell\" data-date=\"2017-06-14T11:27:14+02:00\" data-name=\"restaurant\" data-post-id=\"2903\">\n<article class=\"post post-2903 attachment type-attachment status-inherit hentry description-off\">\n\n\t\n<div class=\"rollover-project links-hovers-disabled\">\n\n\t<a href=\"https:\/\/www.camping-du-lac-pyrenees.com\/wp-content\/uploads\/restaurant.jpg\" class=\"dt-mfp-item mfp-image rollover rollover-zoom\" title=\"restaurant\" data-dt-img-description=\"\" ><img class=\"preload-me\" srcset=\"https:\/\/www.camping-du-lac-pyrenees.com\/wp-content\/uploads\/restaurant.jpg 1x, https:\/\/www.camping-du-lac-pyrenees.com\/wp-content\/uploads\/restaurant.jpg 2x\" alt=\"\" width=\"4032\" height=\"3024\"  \/><\/a>\n\t\n<\/div>\n<\/article>\n\n<\/div><div class=\"wf-cell\" data-date=\"2018-06-25T14:45:11+02:00\" data-name=\"cocktail matthieu\" data-post-id=\"3050\">\n<article class=\"post post-3050 attachment type-attachment status-inherit hentry description-off\">\n\n\t\n<div class=\"rollover-project links-hovers-disabled\">\n\n\t<a href=\"https:\/\/www.camping-du-lac-pyrenees.com\/wp-content\/uploads\/cocktail-matthieu.jpg\" class=\"dt-mfp-item mfp-image rollover rollover-zoom\" title=\"cocktail matthieu\" data-dt-img-description=\"\" ><img class=\"preload-me\" srcset=\"https:\/\/www.camping-du-lac-pyrenees.com\/wp-content\/uploads\/cocktail-matthieu.jpg 1x, https:\/\/www.camping-du-lac-pyrenees.com\/wp-content\/uploads\/cocktail-matthieu.jpg 2x\" alt=\"\" width=\"690\" height=\"460\"  \/><\/a>\n\t\n<\/div>\n<\/article>\n\n<\/div><div class=\"wf-cell\" data-date=\"2018-06-25T14:40:21+02:00\" data-name=\"2\" data-post-id=\"3044\">\n<article class=\"post post-3044 attachment type-attachment status-inherit hentry description-off\">\n\n\t\n<div class=\"rollover-project links-hovers-disabled\">\n\n\t<a href=\"https:\/\/www.camping-du-lac-pyrenees.com\/wp-content\/uploads\/2-2.jpg\" class=\"dt-mfp-item mfp-image rollover rollover-zoom\" title=\"2\" data-dt-img-description=\"\" ><img class=\"preload-me\" srcset=\"https:\/\/www.camping-du-lac-pyrenees.com\/wp-content\/uploads\/2-2.jpg 1x, https:\/\/www.camping-du-lac-pyrenees.com\/wp-content\/uploads\/2-2.jpg 2x\" alt=\"\" width=\"480\" height=\"640\"  \/><\/a>\n\t\n<\/div>\n<\/article>\n\n<\/div><div class=\"wf-cell\" data-date=\"2019-01-29T10:14:08+01:00\" data-name=\"MINE BAR\" data-post-id=\"3128\">\n<article class=\"post post-3128 attachment type-attachment status-inherit hentry description-off\">\n\n\t\n<div class=\"rollover-project links-hovers-disabled\">\n\n\t<a href=\"https:\/\/www.camping-du-lac-pyrenees.com\/wp-content\/uploads\/MINE-BAR.jpg\" class=\"dt-mfp-item mfp-image rollover rollover-zoom\" title=\"MINE BAR\" data-dt-img-description=\"\" ><img class=\"preload-me\" srcset=\"https:\/\/www.camping-du-lac-pyrenees.com\/wp-content\/uploads\/MINE-BAR.jpg 1x, https:\/\/www.camping-du-lac-pyrenees.com\/wp-content\/uploads\/MINE-BAR.jpg 2x\" alt=\"\" width=\"2521\" height=\"3650\"  \/><\/a>\n\t\n<\/div>\n<\/article>\n\n<\/div><div class=\"wf-cell\" data-date=\"2018-06-25T14:39:38+02:00\" data-name=\"1\" data-post-id=\"3041\">\n<article class=\"post post-3041 attachment type-attachment status-inherit hentry description-off\">\n\n\t\n<div class=\"rollover-project links-hovers-disabled\">\n\n\t<a href=\"https:\/\/www.camping-du-lac-pyrenees.com\/wp-content\/uploads\/1.jpg\" class=\"dt-mfp-item mfp-image rollover rollover-zoom\" title=\"1\" data-dt-img-description=\"\" ><img class=\"preload-me\" srcset=\"https:\/\/www.camping-du-lac-pyrenees.com\/wp-content\/uploads\/1.jpg 1x, https:\/\/www.camping-du-lac-pyrenees.com\/wp-content\/uploads\/1.jpg 2x\" alt=\"\" width=\"720\" height=\"960\"  \/><\/a>\n\t\n<\/div>\n<\/article>\n\n<\/div><div class=\"wf-cell\" data-date=\"2020-09-02T09:58:16+02:00\" data-name=\"capturecomp\" data-post-id=\"4200\">\n<article class=\"post post-4200 attachment type-attachment status-inherit hentry description-off\">\n\n\t\n<div class=\"rollover-project links-hovers-disabled\">\n\n\t<a href=\"https:\/\/www.camping-du-lac-pyrenees.com\/wp-content\/uploads\/capturecomp.jpg\" class=\"dt-mfp-item mfp-image rollover rollover-zoom\" title=\"capturecomp\" data-dt-img-description=\"\" ><img class=\"preload-me\" srcset=\"https:\/\/www.camping-du-lac-pyrenees.com\/wp-content\/uploads\/capturecomp.jpg 1x, https:\/\/www.camping-du-lac-pyrenees.com\/wp-content\/uploads\/capturecomp.jpg 2x\" alt=\"\" width=\"1110\" height=\"576\"  \/><\/a>\n\t\n<\/div>\n<\/article>\n\n<\/div><div class=\"wf-cell\" data-date=\"2018-01-10T13:38:39+01:00\" data-name=\"bad\" data-post-id=\"2954\">\n<article class=\"post post-2954 attachment type-attachment status-inherit hentry description-off\">\n\n\t\n<div class=\"rollover-project links-hovers-disabled\">\n\n\t<a href=\"https:\/\/www.camping-du-lac-pyrenees.com\/wp-content\/uploads\/bad.jpg\" class=\"dt-mfp-item mfp-image rollover rollover-zoom\" title=\"bad\" data-dt-img-description=\"\" ><img class=\"preload-me\" srcset=\"https:\/\/www.camping-du-lac-pyrenees.com\/wp-content\/uploads\/bad.jpg 1x, https:\/\/www.camping-du-lac-pyrenees.com\/wp-content\/uploads\/bad.jpg 2x\" alt=\"\" width=\"240\" height=\"160\"  \/><\/a>\n\t\n<\/div>\n<\/article>\n\n<\/div><div class=\"wf-cell\" data-date=\"2018-01-10T13:47:14+01:00\" data-name=\"molky1\" data-post-id=\"2957\">\n<article class=\"post post-2957 attachment type-attachment status-inherit hentry description-off\">\n\n\t\n<div class=\"rollover-project links-hovers-disabled\">\n\n\t<a href=\"https:\/\/www.camping-du-lac-pyrenees.com\/wp-content\/uploads\/molky1.jpg\" class=\"dt-mfp-item mfp-image rollover rollover-zoom\" title=\"molky1\" data-dt-img-description=\"\" ><img class=\"preload-me\" srcset=\"https:\/\/www.camping-du-lac-pyrenees.com\/wp-content\/uploads\/molky1.jpg 1x, https:\/\/www.camping-du-lac-pyrenees.com\/wp-content\/uploads\/molky1.jpg 2x\" alt=\"\" width=\"495\" height=\"552\"  \/><\/a>\n\t\n<\/div>\n<\/article>\n\n<\/div><\/div>[\/vc_column_inner][\/vc_row_inner][vc_empty_space height=&#8221;20px&#8221;]<div class=\"hr-thin style-line\" style=\"width: 100%;\"><\/div>[vc_empty_space height=&#8221;20px&#8221;][vc_row_inner][vc_column_inner][vc_empty_space height=&#8221;50px&#8221;][vc_column_text]<\/p>\n<h3 class=\"align-center\" style=\"text-align: center;\">&#8221; COTTAGE CONFORT &#8221; 35 M\u00b2 tot 4 personnen max<\/h3>\n<p>[\/vc_column_text][vc_empty_space height=&#8221;20px&#8221;][\/vc_column_inner][\/vc_row_inner][vc_row_inner][vc_column_inner el_class=&#8221;emp-gal&#8221;]<div class=\"wf-container dt-gallery-container dt-photos-shortcode loading-effect-none description-on-hover iso-grid jg-container hover-style-two hover-fade\" data-padding=\"0px\" data-cur-page=\"1\" data-target-height=\"0px\"><div class=\"wf-cell\" data-date=\"2016-07-28T17:17:26+02:00\" data-name=\"Ext\u00e9rieur Chalet Camping du Lac Argel\u00e8s-Gazsot\" data-post-id=\"2717\">\n<article class=\"post post-2717 attachment type-attachment status-inherit hentry description-off\">\n\n\t\n<div class=\"rollover-project links-hovers-disabled\">\n\n\t<a href=\"https:\/\/www.camping-du-lac-pyrenees.com\/wp-content\/uploads\/c390b737a4.jpg\" class=\"dt-mfp-item mfp-image rollover rollover-zoom\" title=\"Ext\u00e9rieur Chalet Camping du Lac Argel\u00e8s-Gazsot\" data-dt-img-description=\"\" ><img class=\"preload-me\" srcset=\"https:\/\/www.camping-du-lac-pyrenees.com\/wp-content\/uploads\/c390b737a4.jpg 1x, https:\/\/www.camping-du-lac-pyrenees.com\/wp-content\/uploads\/c390b737a4.jpg 2x\" alt=\"\" width=\"800\" height=\"600\"  \/><\/a>\n\t\n<\/div>\n<\/article>\n\n<\/div><div class=\"wf-cell\" data-date=\"2017-02-04T16:17:39+01:00\" data-name=\"57ffc0c8db\" data-post-id=\"2882\">\n<article class=\"post post-2882 attachment type-attachment status-inherit hentry description-off\">\n\n\t\n<div class=\"rollover-project links-hovers-disabled\">\n\n\t<a href=\"https:\/\/www.camping-du-lac-pyrenees.com\/wp-content\/uploads\/57ffc0c8db.jpg\" class=\"dt-mfp-item mfp-image rollover rollover-zoom\" title=\"57ffc0c8db\" data-dt-img-description=\"\" ><img class=\"preload-me\" srcset=\"https:\/\/www.camping-du-lac-pyrenees.com\/wp-content\/uploads\/57ffc0c8db.jpg 1x, https:\/\/www.camping-du-lac-pyrenees.com\/wp-content\/uploads\/57ffc0c8db.jpg 2x\" alt=\"\" width=\"800\" height=\"422\"  \/><\/a>\n\t\n<\/div>\n<\/article>\n\n<\/div><div class=\"wf-cell\" data-date=\"2016-07-28T17:16:25+02:00\" data-name=\"Coin repas Chalet Camping du Lac\" data-post-id=\"2711\">\n<article class=\"post post-2711 attachment type-attachment status-inherit hentry description-off\">\n\n\t\n<div class=\"rollover-project links-hovers-disabled\">\n\n\t<a href=\"https:\/\/www.camping-du-lac-pyrenees.com\/wp-content\/uploads\/33596bca83.jpg\" class=\"dt-mfp-item mfp-image rollover rollover-zoom\" title=\"Coin repas Chalet Camping du Lac\" data-dt-img-description=\"\" ><img class=\"preload-me\" srcset=\"https:\/\/www.camping-du-lac-pyrenees.com\/wp-content\/uploads\/33596bca83.jpg 1x, https:\/\/www.camping-du-lac-pyrenees.com\/wp-content\/uploads\/33596bca83.jpg 2x\" alt=\"\" width=\"800\" height=\"600\"  \/><\/a>\n\t\n<\/div>\n<\/article>\n\n<\/div><div class=\"wf-cell\" data-date=\"2016-07-28T17:15:20+02:00\" data-name=\"Int\u00e9rieur Chalet Camping du Lac\" data-post-id=\"2705\">\n<article class=\"post post-2705 attachment type-attachment status-inherit hentry description-off\">\n\n\t\n<div class=\"rollover-project links-hovers-disabled\">\n\n\t<a href=\"https:\/\/www.camping-du-lac-pyrenees.com\/wp-content\/uploads\/77b436b7cb.jpg\" class=\"dt-mfp-item mfp-image rollover rollover-zoom\" title=\"Int\u00e9rieur Chalet Camping du Lac\" data-dt-img-description=\"\" ><img class=\"preload-me\" srcset=\"https:\/\/www.camping-du-lac-pyrenees.com\/wp-content\/uploads\/77b436b7cb.jpg 1x, https:\/\/www.camping-du-lac-pyrenees.com\/wp-content\/uploads\/77b436b7cb.jpg 2x\" alt=\"\" width=\"777\" height=\"600\"  \/><\/a>\n\t\n<\/div>\n<\/article>\n\n<\/div><div class=\"wf-cell\" data-date=\"2016-07-28T17:17:40+02:00\" data-name=\"Chambre Chalet Camping du Lac\" data-post-id=\"2720\">\n<article class=\"post post-2720 attachment type-attachment status-inherit hentry description-off\">\n\n\t\n<div class=\"rollover-project links-hovers-disabled\">\n\n\t<a href=\"https:\/\/www.camping-du-lac-pyrenees.com\/wp-content\/uploads\/5fd3de6598.jpg\" class=\"dt-mfp-item mfp-image rollover rollover-zoom\" title=\"Chambre Chalet Camping du Lac\" data-dt-img-description=\"\" ><img class=\"preload-me\" srcset=\"https:\/\/www.camping-du-lac-pyrenees.com\/wp-content\/uploads\/5fd3de6598.jpg 1x, https:\/\/www.camping-du-lac-pyrenees.com\/wp-content\/uploads\/5fd3de6598.jpg 2x\" alt=\"\" width=\"800\" height=\"600\"  \/><\/a>\n\t\n<\/div>\n<\/article>\n\n<\/div><div class=\"wf-cell\" data-date=\"2017-02-04T16:20:59+01:00\" data-name=\"chalet2roses\" data-post-id=\"2888\">\n<article class=\"post post-2888 attachment type-attachment status-inherit hentry description-off\">\n\n\t\n<div class=\"rollover-project links-hovers-disabled\">\n\n\t<a href=\"https:\/\/www.camping-du-lac-pyrenees.com\/wp-content\/uploads\/chalet2roses.jpg\" class=\"dt-mfp-item mfp-image rollover rollover-zoom\" title=\"chalet2roses\" data-dt-img-description=\"\" ><img class=\"preload-me\" srcset=\"https:\/\/www.camping-du-lac-pyrenees.com\/wp-content\/uploads\/chalet2roses.jpg 1x, https:\/\/www.camping-du-lac-pyrenees.com\/wp-content\/uploads\/chalet2roses.jpg 2x\" alt=\"\" width=\"1536\" height=\"2048\"  \/><\/a>\n\t\n<\/div>\n<\/article>\n\n<\/div><div class=\"wf-cell\" data-date=\"2020-11-04T13:47:58+01:00\" data-name=\"vue montagne\" data-post-id=\"4380\">\n<article class=\"post post-4380 attachment type-attachment status-inherit hentry description-off\">\n\n\t\n<div class=\"rollover-project links-hovers-disabled\">\n\n\t<a href=\"https:\/\/www.camping-du-lac-pyrenees.com\/wp-content\/uploads\/vue-montagne.jpg\" class=\"dt-mfp-item mfp-image rollover rollover-zoom\" title=\"vue montagne\" data-dt-img-description=\"\" ><img class=\"preload-me\" srcset=\"https:\/\/www.camping-du-lac-pyrenees.com\/wp-content\/uploads\/vue-montagne.jpg 1x, https:\/\/www.camping-du-lac-pyrenees.com\/wp-content\/uploads\/vue-montagne.jpg 2x\" alt=\"\" width=\"669\" height=\"381\"  \/><\/a>\n\t\n<\/div>\n<\/article>\n\n<\/div><div class=\"wf-cell\" data-date=\"2020-12-02T11:12:34+01:00\" data-name=\"planconfort\" data-post-id=\"4487\">\n<article class=\"post post-4487 attachment type-attachment status-inherit hentry description-off\">\n\n\t\n<div class=\"rollover-project links-hovers-disabled\">\n\n\t<a href=\"https:\/\/www.camping-du-lac-pyrenees.com\/wp-content\/uploads\/planconfort.jpg\" class=\"dt-mfp-item mfp-image rollover rollover-zoom\" title=\"planconfort\" data-dt-img-description=\"\" ><img class=\"preload-me\" srcset=\"https:\/\/www.camping-du-lac-pyrenees.com\/wp-content\/uploads\/planconfort.jpg 1x, https:\/\/www.camping-du-lac-pyrenees.com\/wp-content\/uploads\/planconfort.jpg 2x\" alt=\"\" width=\"257\" height=\"342\"  \/><\/a>\n\t\n<\/div>\n<\/article>\n\n<\/div><\/div>[\/vc_column_inner][\/vc_row_inner][vc_empty_space height=&#8221;50px&#8221;][vc_column_text]<\/p>\n<h3 class=\"align-center\" style=\"text-align: center;\">&#8221; COTTAGE GRAND CONFORT &#8221; 42 M\u00b2 tot 5 personnen maximum<\/h3>\n<p style=\"text-align: center;\">Uitzicht op het \u00a0kuntsmatig meer of over het dorpje en op de bergen van de Pyrenee\u00ebn.<\/p>\n<p>[\/vc_column_text][vc_empty_space height=&#8221;20px&#8221;][vc_row_inner][vc_column_inner el_class=&#8221;emp-gal&#8221;]<div class=\"wf-container dt-gallery-container dt-photos-shortcode loading-effect-none description-on-hover iso-grid jg-container hover-style-two hover-fade\" data-padding=\"0px\" data-cur-page=\"1\" data-target-height=\"0px\"><div class=\"wf-cell\" data-date=\"2016-07-28T17:22:47+02:00\" data-name=\"Chalet Camping du Lac Hautes-Pyr\u00e9n\u00e9es\" data-post-id=\"2726\">\n<article class=\"post post-2726 attachment type-attachment status-inherit hentry description-off\">\n\n\t\n<div class=\"rollover-project links-hovers-disabled\">\n\n\t<a href=\"https:\/\/www.camping-du-lac-pyrenees.com\/wp-content\/uploads\/photo_chalets9.jpg\" class=\"dt-mfp-item mfp-image rollover rollover-zoom\" title=\"Chalet Camping du Lac Hautes-Pyr\u00e9n\u00e9es\" data-dt-img-description=\"\" ><img class=\"preload-me\" srcset=\"https:\/\/www.camping-du-lac-pyrenees.com\/wp-content\/uploads\/photo_chalets9.jpg 1x, https:\/\/www.camping-du-lac-pyrenees.com\/wp-content\/uploads\/photo_chalets9.jpg 2x\" alt=\"\" width=\"283\" height=\"212\"  \/><\/a>\n\t\n<\/div>\n<\/article>\n\n<\/div><div class=\"wf-cell\" data-date=\"2020-09-03T10:09:26+02:00\" data-name=\"balconmontagne2\" data-post-id=\"4274\">\n<article class=\"post post-4274 attachment type-attachment status-inherit hentry description-off\">\n\n\t\n<div class=\"rollover-project links-hovers-disabled\">\n\n\t<a href=\"https:\/\/www.camping-du-lac-pyrenees.com\/wp-content\/uploads\/balconmontagne2.jpg\" class=\"dt-mfp-item mfp-image rollover rollover-zoom\" title=\"balconmontagne2\" data-dt-img-description=\"\" ><img class=\"preload-me\" srcset=\"https:\/\/www.camping-du-lac-pyrenees.com\/wp-content\/uploads\/balconmontagne2.jpg 1x, https:\/\/www.camping-du-lac-pyrenees.com\/wp-content\/uploads\/balconmontagne2.jpg 2x\" alt=\"\" width=\"1261\" height=\"710\"  \/><\/a>\n\t\n<\/div>\n<\/article>\n\n<\/div><div class=\"wf-cell\" data-date=\"2016-07-28T17:23:47+02:00\" data-name=\"Int\u00e9rieur Chalet Camping du Lac\" data-post-id=\"2729\">\n<article class=\"post post-2729 attachment type-attachment status-inherit hentry description-off\">\n\n\t\n<div class=\"rollover-project links-hovers-disabled\">\n\n\t<a href=\"https:\/\/www.camping-du-lac-pyrenees.com\/wp-content\/uploads\/be16efd767.jpg\" class=\"dt-mfp-item mfp-image rollover rollover-zoom\" title=\"Int\u00e9rieur Chalet Camping du Lac\" data-dt-img-description=\"\" ><img class=\"preload-me\" srcset=\"https:\/\/www.camping-du-lac-pyrenees.com\/wp-content\/uploads\/be16efd767.jpg 1x, https:\/\/www.camping-du-lac-pyrenees.com\/wp-content\/uploads\/be16efd767.jpg 2x\" alt=\"\" width=\"800\" height=\"600\"  \/><\/a>\n\t\n<\/div>\n<\/article>\n\n<\/div><div class=\"wf-cell\" data-date=\"2018-03-29T17:59:14+02:00\" data-name=\"CUISINE GC PANO COMP\" data-post-id=\"3014\">\n<article class=\"post post-3014 attachment type-attachment status-inherit hentry description-off\">\n\n\t\n<div class=\"rollover-project links-hovers-disabled\">\n\n\t<a href=\"https:\/\/www.camping-du-lac-pyrenees.com\/wp-content\/uploads\/CUISINE-GC-PANO-COMP.jpg\" class=\"dt-mfp-item mfp-image rollover rollover-zoom\" title=\"CUISINE GC PANO COMP\" data-dt-img-description=\"\" ><img class=\"preload-me\" srcset=\"https:\/\/www.camping-du-lac-pyrenees.com\/wp-content\/uploads\/CUISINE-GC-PANO-COMP.jpg 1x, https:\/\/www.camping-du-lac-pyrenees.com\/wp-content\/uploads\/CUISINE-GC-PANO-COMP.jpg 2x\" alt=\"\" width=\"2268\" height=\"2196\"  \/><\/a>\n\t\n<\/div>\n<\/article>\n\n<\/div><div class=\"wf-cell\" data-date=\"2018-03-29T17:59:01+02:00\" data-name=\"CHAMBRE2 PANO comp\" data-post-id=\"3011\">\n<article class=\"post post-3011 attachment type-attachment status-inherit hentry description-off\">\n\n\t\n<div class=\"rollover-project links-hovers-disabled\">\n\n\t<a href=\"https:\/\/www.camping-du-lac-pyrenees.com\/wp-content\/uploads\/CHAMBRE2-PANO-comp.jpg\" class=\"dt-mfp-item mfp-image rollover rollover-zoom\" title=\"CHAMBRE2 PANO comp\" data-dt-img-description=\"\" ><img class=\"preload-me\" srcset=\"https:\/\/www.camping-du-lac-pyrenees.com\/wp-content\/uploads\/CHAMBRE2-PANO-comp.jpg 1x, https:\/\/www.camping-du-lac-pyrenees.com\/wp-content\/uploads\/CHAMBRE2-PANO-comp.jpg 2x\" alt=\"\" width=\"3500\" height=\"2135\"  \/><\/a>\n\t\n<\/div>\n<\/article>\n\n<\/div><div class=\"wf-cell\" data-date=\"2016-07-28T17:24:39+02:00\" data-name=\"Chambre chalet Camping du Lac Hautes-Pyr\u00e9n\u00e9es\" data-post-id=\"2738\">\n<article class=\"post post-2738 attachment type-attachment status-inherit hentry description-off\">\n\n\t\n<div class=\"rollover-project links-hovers-disabled\">\n\n\t<a href=\"https:\/\/www.camping-du-lac-pyrenees.com\/wp-content\/uploads\/c6526eb57c.jpg\" class=\"dt-mfp-item mfp-image rollover rollover-zoom\" title=\"Chambre chalet Camping du Lac Hautes-Pyr\u00e9n\u00e9es\" data-dt-img-description=\"\" ><img class=\"preload-me\" srcset=\"https:\/\/www.camping-du-lac-pyrenees.com\/wp-content\/uploads\/c6526eb57c.jpg 1x, https:\/\/www.camping-du-lac-pyrenees.com\/wp-content\/uploads\/c6526eb57c.jpg 2x\" alt=\"\" width=\"338\" height=\"600\"  \/><\/a>\n\t\n<\/div>\n<\/article>\n\n<\/div><div class=\"wf-cell\" data-date=\"2016-07-28T17:24:50+02:00\" data-name=\"Salle d&#039;eau Chalet Camping du Lac Argel\u00e8s-Gazost\" data-post-id=\"2741\">\n<article class=\"post post-2741 attachment type-attachment status-inherit hentry description-off\">\n\n\t\n<div class=\"rollover-project links-hovers-disabled\">\n\n\t<a href=\"https:\/\/www.camping-du-lac-pyrenees.com\/wp-content\/uploads\/4e1fd92da7.jpg\" class=\"dt-mfp-item mfp-image rollover rollover-zoom\" title=\"Salle d&#8217;eau Chalet Camping du Lac Argel\u00e8s-Gazost\" data-dt-img-description=\"\" ><img class=\"preload-me\" srcset=\"https:\/\/www.camping-du-lac-pyrenees.com\/wp-content\/uploads\/4e1fd92da7.jpg 1x, https:\/\/www.camping-du-lac-pyrenees.com\/wp-content\/uploads\/4e1fd92da7.jpg 2x\" alt=\"\" width=\"450\" height=\"600\"  \/><\/a>\n\t\n<\/div>\n<\/article>\n\n<\/div><div class=\"wf-cell\" data-date=\"2020-09-02T14:23:33+02:00\" data-name=\"chalet15\" data-post-id=\"4231\">\n<article class=\"post post-4231 attachment type-attachment status-inherit hentry description-off\">\n\n\t\n<div class=\"rollover-project links-hovers-disabled\">\n\n\t<a href=\"https:\/\/www.camping-du-lac-pyrenees.com\/wp-content\/uploads\/chalet15.jpg\" class=\"dt-mfp-item mfp-image rollover rollover-zoom\" title=\"chalet15\" data-dt-img-description=\"\" ><img class=\"preload-me\" srcset=\"https:\/\/www.camping-du-lac-pyrenees.com\/wp-content\/uploads\/chalet15.jpg 1x, https:\/\/www.camping-du-lac-pyrenees.com\/wp-content\/uploads\/chalet15.jpg 2x\" alt=\"\" width=\"1245\" height=\"700\"  \/><\/a>\n\t\n<\/div>\n<\/article>\n\n<\/div><div class=\"wf-cell\" data-date=\"2020-09-02T14:23:03+02:00\" data-name=\"chalet8\" data-post-id=\"4227\">\n<article class=\"post post-4227 attachment type-attachment status-inherit hentry description-off\">\n\n\t\n<div class=\"rollover-project links-hovers-disabled\">\n\n\t<a href=\"https:\/\/www.camping-du-lac-pyrenees.com\/wp-content\/uploads\/chalet8.jpg\" class=\"dt-mfp-item mfp-image rollover rollover-zoom\" title=\"chalet8\" data-dt-img-description=\"\" ><img class=\"preload-me\" srcset=\"https:\/\/www.camping-du-lac-pyrenees.com\/wp-content\/uploads\/chalet8.jpg 1x, https:\/\/www.camping-du-lac-pyrenees.com\/wp-content\/uploads\/chalet8.jpg 2x\" alt=\"\" width=\"1194\" height=\"672\"  \/><\/a>\n\t\n<\/div>\n<\/article>\n\n<\/div><div class=\"wf-cell\" data-date=\"2020-09-02T14:23:40+02:00\" data-name=\"chalet17\" data-post-id=\"4235\">\n<article class=\"post post-4235 attachment type-attachment status-inherit hentry description-off\">\n\n\t\n<div class=\"rollover-project links-hovers-disabled\">\n\n\t<a href=\"https:\/\/www.camping-du-lac-pyrenees.com\/wp-content\/uploads\/chalet17.jpg\" class=\"dt-mfp-item mfp-image rollover rollover-zoom\" title=\"chalet17\" data-dt-img-description=\"\" ><img class=\"preload-me\" srcset=\"https:\/\/www.camping-du-lac-pyrenees.com\/wp-content\/uploads\/chalet17.jpg 1x, https:\/\/www.camping-du-lac-pyrenees.com\/wp-content\/uploads\/chalet17.jpg 2x\" alt=\"\" width=\"1002\" height=\"751\"  \/><\/a>\n\t\n<\/div>\n<\/article>\n\n<\/div><div class=\"wf-cell\" data-date=\"2016-07-28T17:25:01+02:00\" data-name=\"Plan d&#039;un chalet au camping du Lac Hautes-Pyr\u00e9n\u00e9es\" data-post-id=\"2744\">\n<article class=\"post post-2744 attachment type-attachment status-inherit hentry description-off\">\n\n\t\n<div class=\"rollover-project links-hovers-disabled\">\n\n\t<a href=\"https:\/\/www.camping-du-lac-pyrenees.com\/wp-content\/uploads\/plan_chalet_02.jpg\" class=\"dt-mfp-item mfp-image rollover rollover-zoom\" title=\"Plan d&#8217;un chalet au camping du Lac Hautes-Pyr\u00e9n\u00e9es\" data-dt-img-description=\"\" ><img class=\"preload-me\" srcset=\"https:\/\/www.camping-du-lac-pyrenees.com\/wp-content\/uploads\/plan_chalet_02.jpg 1x, https:\/\/www.camping-du-lac-pyrenees.com\/wp-content\/uploads\/plan_chalet_02.jpg 2x\" alt=\"\" width=\"448\" height=\"597\"  \/><\/a>\n\t\n<\/div>\n<\/article>\n\n<\/div><\/div>[\/vc_column_inner][\/vc_row_inner][vc_empty_space height=&#8221;50px&#8221;][vc_column_text css=&#8221;&#8221;]<\/p>\n<p style=\"text-align: center;\"><strong data-start=\"324\" data-end=\"362\">Geen animatie\u2026 <\/strong><strong data-start=\"324\" data-end=\"362\">maar wel toewijding !<\/strong><\/p>\n<p style=\"text-align: center;\"><strong>\u201d Heel veel te doen\u201d hier\u00a0 \u00a0!! O<\/strong><strong>nze camping geeft de voorkeur aan activiteiten in vrije natuur.<\/strong><\/p>\n<p style=\"text-align: center;\"><strong>Ontspanning\u00a0 ?\u00a0 \u00a0Activiteiten ?\u00a0<\/strong><\/p>\n<h3>\u2013\u00a0 \u00a0Ontspanning\u00a0 ?<\/h3>\n<h5><b>Twee verwarmde zwembaden :\u00a0<\/b><b>\u00a0(\u00a015 juni t \/ m \u00a010 september )<\/b><\/h5>\n<ul>\n<li>Een zwembad\u00a0:\u00a0 Lengte 14m 1,60 diep.<\/li>\n<li>De tweede voor groot en klein\u00a0:\u00a0\u00a018 m lengte en 0.50m tot 1.10 m diep.\u00a0 pierenbad voor kinderen en een spa\u00a0\u00a0die speciaal gewijd is aan\u00a0ontspanning en welzijn.\u00a0 Geniet\u00a0 van een hydro massage\u00a0 \u00a0(0.40m\u00a0 tot 1 m\u00a0\u00a0en\u00a0\u00a018 m lengte.)<\/li>\n<\/ul>\n<p><strong>\u00a0Twee\u00a0 speelplaatsen :\u00a0<\/strong><\/p>\n<ul>\n<li>\u00a0Een groot speelveld\u00a0\u00a0van 3000 m\u00b2 (voetbal, volleybal, badminton\u2026) voor de ontspanning van groot en klein. Maar vooral de ideale plek voor de kinderen om snel vriendjes te maken en samen te spelen.<\/li>\n<li>Een speeltuin met kleine klimmuur, pingpong tafels en schommels\u2026<\/li>\n<\/ul>\n<p><strong>Snack, bar, afhaalmaatljden ter plaats\u00a0 !<\/strong><\/p>\n<p>Geniet van\u00a0\u00a0een heerlijk glas wijn of Pyrenee\u00ebn biertje op ons terras met prachtige uitzicht op de vallei en de bergen.<\/p>\n<p>\u2019s Middags en \u2019s avonds een grote keuze van maaltijden ( ter plaatse of afhaal).<\/p>\n<p>Een winkeltje : boodschappen doen\u2026een haast dagelijks terugkerende bezigheid in een familie. Iederee morgen kun je genieten van een verse baguette of warme croissantjes en chocoladebroodjes bij je ontbijt. Het winkeltje biedt u ook een assortiment aan wijnen en produkten uit de Pyrenee\u00ebn.<\/p>\n<p>&nbsp;<\/p>\n<p><img loading=\"lazy\" decoding=\"async\" class=\"alignnone size-medium wp-image-2960 retinized\" src=\"https:\/\/www.camping-du-lac-pyrenees.com\/wp-content\/uploads\/molky-2-300x123.jpg\" sizes=\"auto, (max-width: 300px) 100vw, 300px\" srcset=\"https:\/\/www.camping-du-lac-pyrenees.com\/wp-content\/uploads\/molky-2-300x123.jpg 300w, https:\/\/www.camping-du-lac-pyrenees.com\/wp-content\/uploads\/molky-2-768x316.jpg 768w, https:\/\/www.camping-du-lac-pyrenees.com\/wp-content\/uploads\/molky-2-1024x421.jpg 1024w, https:\/\/www.camping-du-lac-pyrenees.com\/wp-content\/uploads\/molky-2.jpg 1600w\" alt=\"\" width=\"300\" height=\"123\" \/><\/p>\n<p>&nbsp;<\/p>\n<h3><strong>\u2013 Activeiten ? Sensaties ? Ontdekking ?<\/strong><\/h3>\n<p><strong>Wij organiseren vele activiteiten elke dag,\u00a0 tijdens uw verblijf om uw tijds te vullen.\u00a0<\/strong><\/p>\n<p>Een goede tijd met de familie<\/p>\n<p>( Tussen 20 en 45\u20ac)<\/p>\n<p><strong>Onvergetelijke\u00a0familiemomenten om ook de streek te ontdekken !<\/strong><\/p>\n<p>&nbsp;<\/p>\n<ul>\n<li>\u00a0<strong>Bergwandelingen<\/strong> met onze\u00a0gids\u00a0om schitterende landschappen te ontdekken, weg van de toeristische paden. Het programma biedt wandelroutes voor alle niveaus, voor groot en klein :\u00a0zonsondergang,\u00a0ontdekking van flora en meren, steenbokken, marmotten &#8230;<\/li>\n<\/ul>\n<p>&nbsp;<\/p>\n<ul>\n<li><strong>Vissen voor beginners ( geleverde materiaal !!) met een gids\u00a0<\/strong>\u00a0bij het kuntsmatig meer vlakbij de camping.<\/li>\n<\/ul>\n<p>&nbsp;<\/p>\n<ul>\n<li><strong>Canyoning<\/strong> vanaf 7 jaar !\u00a0Canyoning (spreek uit als: &#8216;ken-jo-ning&#8217;) is waarschijnlijk \u00e9\u00e9n van de meest spectaculaire buitensporten die je kunt doen. Bij het canyoningen maak je al lopend, zwemmend, klimmend, glijdend, springend en abseilend een tocht door een kloof (of &#8216;canyon&#8217;) waar meestal water doorheen stroomt. Een canyon is een mooie en indrukwekkende omgeving waar je normaal niet zo snel komt.<\/li>\n<\/ul>\n<p>&nbsp;<\/p>\n<ul>\n<li><strong>Rafting :<\/strong>\u00a0Raften is het bevaren van een wildwater rivier op een rubberen \u201dboot\u201d. Is dat spannend? Absoluut! Raften is super spannend en geeft een enorme adrenaline kick.<\/li>\n<\/ul>\n<p>&nbsp;<\/p>\n<ul>\n<li><strong>Via Ferrata : <\/strong>de Via Ferrata bieden iedereen in alle veiligheid sensationele wandelingen. &#8220;De Ferratiste&#8221; draagt een helm en is beveiligd met een speciale gordel en touw. Men is altijd met een kabel verbonden die langs de Via Ferrata loopt en men vordert met behulp van kunstgrepen. De Via Ferrata is zowel hoog als veilig en maakt het mogelijk om tussen hemel en aarde onvergelijkbare sensaties te beleven, tussen spanning door de hoogte, het heerlijke gevoel om je in een nieuwe wereld voort te bewegen, en het plezier van de inspanning<\/li>\n<\/ul>\n<p>De camping ligt in het midden van de bekendste \u201d Cols van de Ronde van Frankrijk\u201d : vele routes om te fietsen en te mountainbiken.[\/vc_column_text][vc_empty_space height=&#8221;20px&#8221;]<div class=\"hr-thin style-line\" style=\"width: 100%;\"><\/div>[vc_empty_space height=&#8221;20px&#8221;][\/vc_column][\/vc_row]<\/p>\n<\/div>","protected":false},"excerpt":{"rendered":"<p>[vc_row][vc_column el_class=&#8221;box_camdulac&#8221;][vc_column_text] Chalets Franse Pyrenee\u00ebn [\/vc_column_text][vc_empty_space height=&#8221;20px&#8221;][vc_row_inner][vc_column_inner width=&#8221;1\/3&#8243;][vc_column_text] Camping du Lac verhuurt vakantiechalets\u00a0in het hart van de Pyrenee\u00ebn ! Ze hebben een uitzicht op een\u00a0 kuntsmatig meer om te vissen : u kunt kennis makenmet het vissen met onze gids\u00a0 \u00a0\u201d Cl\u00e9ment\u201d(verboden te zwemmen) &nbsp; of fraaie uitzcihten op de bergen !\u00a0Geniet bij ons van&hellip;<\/p>\n","protected":false},"author":1,"featured_media":0,"parent":0,"menu_order":0,"comment_status":"closed","ping_status":"closed","template":"","meta":{"footnotes":""},"class_list":["post-776","page","type-page","status-publish","hentry","description-off"],"yoast_head":"<!-- This site is optimized with the Yoast SEO plugin v24.5 - https:\/\/yoast.com\/wordpress\/plugins\/seo\/ -->\n<title>Chalets - Camping du lac Argel\u00e8s-Gazost<\/title>\n<meta name=\"robots\" content=\"index, follow, max-snippet:-1, max-image-preview:large, max-video-preview:-1\" \/>\n<link rel=\"canonical\" href=\"https:\/\/www.camping-du-lac-pyrenees.com\/nl\/chalets\/\" \/>\n<meta property=\"og:locale\" content=\"nl_NL\" \/>\n<meta property=\"og:type\" content=\"article\" \/>\n<meta property=\"og:title\" content=\"Chalets - Camping du lac Argel\u00e8s-Gazost\" \/>\n<meta property=\"og:description\" content=\"[vc_row][vc_column el_class=&#8221;box_camdulac&#8221;][vc_column_text] Chalets Franse Pyrenee\u00ebn [\/vc_column_text][vc_empty_space height=&#8221;20px&#8221;][vc_row_inner][vc_column_inner width=&#8221;1\/3&#8243;][vc_column_text] Camping du Lac verhuurt vakantiechalets\u00a0in het hart van de Pyrenee\u00ebn ! Ze hebben een uitzicht op een\u00a0 kuntsmatig meer om te vissen : u kunt kennis makenmet het vissen met onze gids\u00a0 \u00a0\u201d Cl\u00e9ment\u201d(verboden te zwemmen) &nbsp; of fraaie uitzcihten op de bergen !\u00a0Geniet bij ons van&hellip;\" \/>\n<meta property=\"og:url\" content=\"https:\/\/www.camping-du-lac-pyrenees.com\/nl\/chalets\/\" \/>\n<meta property=\"og:site_name\" content=\"Camping du lac Argel\u00e8s-Gazost\" \/>\n<meta property=\"article:modified_time\" content=\"2025-08-23T06:48:36+00:00\" \/>\n<meta property=\"og:image\" content=\"https:\/\/www.camping-du-lac-pyrenees.com\/wp-content\/uploads\/image_silence.jpg\" \/>\n\t<meta property=\"og:image:width\" content=\"55\" \/>\n\t<meta property=\"og:image:height\" content=\"57\" \/>\n\t<meta property=\"og:image:type\" content=\"image\/jpeg\" \/>\n<meta name=\"twitter:card\" content=\"summary_large_image\" \/>\n<meta name=\"twitter:label1\" content=\"Geschatte leestijd\" \/>\n\t<meta name=\"twitter:data1\" content=\"4 minuten\" \/>\n<script type=\"application\/ld+json\" class=\"yoast-schema-graph\">{\"@context\":\"https:\/\/schema.org\",\"@graph\":[{\"@type\":\"WebPage\",\"@id\":\"https:\/\/www.camping-du-lac-pyrenees.com\/nl\/chalets\/\",\"url\":\"https:\/\/www.camping-du-lac-pyrenees.com\/nl\/chalets\/\",\"name\":\"Chalets - Camping du lac Argel\u00e8s-Gazost\",\"isPartOf\":{\"@id\":\"https:\/\/www.camping-du-lac-pyrenees.com\/#website\"},\"primaryImageOfPage\":{\"@id\":\"https:\/\/www.camping-du-lac-pyrenees.com\/nl\/chalets\/#primaryimage\"},\"image\":{\"@id\":\"https:\/\/www.camping-du-lac-pyrenees.com\/nl\/chalets\/#primaryimage\"},\"thumbnailUrl\":\"https:\/\/www.camping-du-lac-pyrenees.com\/wp-content\/uploads\/image_silence.jpg\",\"datePublished\":\"2016-08-02T13:17:56+00:00\",\"dateModified\":\"2025-08-23T06:48:36+00:00\",\"breadcrumb\":{\"@id\":\"https:\/\/www.camping-du-lac-pyrenees.com\/nl\/chalets\/#breadcrumb\"},\"inLanguage\":\"nl-NL\",\"potentialAction\":[{\"@type\":\"ReadAction\",\"target\":[\"https:\/\/www.camping-du-lac-pyrenees.com\/nl\/chalets\/\"]}]},{\"@type\":\"ImageObject\",\"inLanguage\":\"nl-NL\",\"@id\":\"https:\/\/www.camping-du-lac-pyrenees.com\/nl\/chalets\/#primaryimage\",\"url\":\"https:\/\/www.camping-du-lac-pyrenees.com\/wp-content\/uploads\/image_silence.jpg\",\"contentUrl\":\"https:\/\/www.camping-du-lac-pyrenees.com\/wp-content\/uploads\/image_silence.jpg\"},{\"@type\":\"BreadcrumbList\",\"@id\":\"https:\/\/www.camping-du-lac-pyrenees.com\/nl\/chalets\/#breadcrumb\",\"itemListElement\":[{\"@type\":\"ListItem\",\"position\":1,\"name\":\"Accueil\",\"item\":\"https:\/\/www.camping-du-lac-pyrenees.com\/nl\/\"},{\"@type\":\"ListItem\",\"position\":2,\"name\":\"Chalets\"}]},{\"@type\":\"WebSite\",\"@id\":\"https:\/\/www.camping-du-lac-pyrenees.com\/#website\",\"url\":\"https:\/\/www.camping-du-lac-pyrenees.com\/\",\"name\":\"Camping du lac Argel\u00e8s-Gazost\",\"description\":\"Hautes-Pyr\u00e9n\u00e9es\",\"potentialAction\":[{\"@type\":\"SearchAction\",\"target\":{\"@type\":\"EntryPoint\",\"urlTemplate\":\"https:\/\/www.camping-du-lac-pyrenees.com\/?s={search_term_string}\"},\"query-input\":{\"@type\":\"PropertyValueSpecification\",\"valueRequired\":true,\"valueName\":\"search_term_string\"}}],\"inLanguage\":\"nl-NL\"}]}<\/script>\n<!-- \/ Yoast SEO plugin. -->","yoast_head_json":{"title":"Chalets - Camping du lac Argel\u00e8s-Gazost","robots":{"index":"index","follow":"follow","max-snippet":"max-snippet:-1","max-image-preview":"max-image-preview:large","max-video-preview":"max-video-preview:-1"},"canonical":"https:\/\/www.camping-du-lac-pyrenees.com\/nl\/chalets\/","og_locale":"nl_NL","og_type":"article","og_title":"Chalets - Camping du lac Argel\u00e8s-Gazost","og_description":"[vc_row][vc_column el_class=&#8221;box_camdulac&#8221;][vc_column_text] Chalets Franse Pyrenee\u00ebn [\/vc_column_text][vc_empty_space height=&#8221;20px&#8221;][vc_row_inner][vc_column_inner width=&#8221;1\/3&#8243;][vc_column_text] Camping du Lac verhuurt vakantiechalets\u00a0in het hart van de Pyrenee\u00ebn ! Ze hebben een uitzicht op een\u00a0 kuntsmatig meer om te vissen : u kunt kennis makenmet het vissen met onze gids\u00a0 \u00a0\u201d Cl\u00e9ment\u201d(verboden te zwemmen) &nbsp; of fraaie uitzcihten op de bergen !\u00a0Geniet bij ons van&hellip;","og_url":"https:\/\/www.camping-du-lac-pyrenees.com\/nl\/chalets\/","og_site_name":"Camping du lac Argel\u00e8s-Gazost","article_modified_time":"2025-08-23T06:48:36+00:00","og_image":[{"width":55,"height":57,"url":"https:\/\/www.camping-du-lac-pyrenees.com\/wp-content\/uploads\/image_silence.jpg","type":"image\/jpeg"}],"twitter_card":"summary_large_image","twitter_misc":{"Geschatte leestijd":"4 minuten"},"schema":{"@context":"https:\/\/schema.org","@graph":[{"@type":"WebPage","@id":"https:\/\/www.camping-du-lac-pyrenees.com\/nl\/chalets\/","url":"https:\/\/www.camping-du-lac-pyrenees.com\/nl\/chalets\/","name":"Chalets - Camping du lac Argel\u00e8s-Gazost","isPartOf":{"@id":"https:\/\/www.camping-du-lac-pyrenees.com\/#website"},"primaryImageOfPage":{"@id":"https:\/\/www.camping-du-lac-pyrenees.com\/nl\/chalets\/#primaryimage"},"image":{"@id":"https:\/\/www.camping-du-lac-pyrenees.com\/nl\/chalets\/#primaryimage"},"thumbnailUrl":"https:\/\/www.camping-du-lac-pyrenees.com\/wp-content\/uploads\/image_silence.jpg","datePublished":"2016-08-02T13:17:56+00:00","dateModified":"2025-08-23T06:48:36+00:00","breadcrumb":{"@id":"https:\/\/www.camping-du-lac-pyrenees.com\/nl\/chalets\/#breadcrumb"},"inLanguage":"nl-NL","potentialAction":[{"@type":"ReadAction","target":["https:\/\/www.camping-du-lac-pyrenees.com\/nl\/chalets\/"]}]},{"@type":"ImageObject","inLanguage":"nl-NL","@id":"https:\/\/www.camping-du-lac-pyrenees.com\/nl\/chalets\/#primaryimage","url":"https:\/\/www.camping-du-lac-pyrenees.com\/wp-content\/uploads\/image_silence.jpg","contentUrl":"https:\/\/www.camping-du-lac-pyrenees.com\/wp-content\/uploads\/image_silence.jpg"},{"@type":"BreadcrumbList","@id":"https:\/\/www.camping-du-lac-pyrenees.com\/nl\/chalets\/#breadcrumb","itemListElement":[{"@type":"ListItem","position":1,"name":"Accueil","item":"https:\/\/www.camping-du-lac-pyrenees.com\/nl\/"},{"@type":"ListItem","position":2,"name":"Chalets"}]},{"@type":"WebSite","@id":"https:\/\/www.camping-du-lac-pyrenees.com\/#website","url":"https:\/\/www.camping-du-lac-pyrenees.com\/","name":"Camping du lac Argel\u00e8s-Gazost","description":"Hautes-Pyr\u00e9n\u00e9es","potentialAction":[{"@type":"SearchAction","target":{"@type":"EntryPoint","urlTemplate":"https:\/\/www.camping-du-lac-pyrenees.com\/?s={search_term_string}"},"query-input":{"@type":"PropertyValueSpecification","valueRequired":true,"valueName":"search_term_string"}}],"inLanguage":"nl-NL"}]}},"_links":{"self":[{"href":"https:\/\/www.camping-du-lac-pyrenees.com\/nl\/wp-json\/wp\/v2\/pages\/776","targetHints":{"allow":["GET"]}}],"collection":[{"href":"https:\/\/www.camping-du-lac-pyrenees.com\/nl\/wp-json\/wp\/v2\/pages"}],"about":[{"href":"https:\/\/www.camping-du-lac-pyrenees.com\/nl\/wp-json\/wp\/v2\/types\/page"}],"author":[{"embeddable":true,"href":"https:\/\/www.camping-du-lac-pyrenees.com\/nl\/wp-json\/wp\/v2\/users\/1"}],"replies":[{"embeddable":true,"href":"https:\/\/www.camping-du-lac-pyrenees.com\/nl\/wp-json\/wp\/v2\/comments?post=776"}],"version-history":[{"count":41,"href":"https:\/\/www.camping-du-lac-pyrenees.com\/nl\/wp-json\/wp\/v2\/pages\/776\/revisions"}],"predecessor-version":[{"id":6207,"href":"https:\/\/www.camping-du-lac-pyrenees.com\/nl\/wp-json\/wp\/v2\/pages\/776\/revisions\/6207"}],"wp:attachment":[{"href":"https:\/\/www.camping-du-lac-pyrenees.com\/nl\/wp-json\/wp\/v2\/media?parent=776"}],"curies":[{"name":"wp","href":"https:\/\/api.w.org\/{rel}","templated":true}]}}